{"id":12761,"date":"2024-07-04T06:59:53","date_gmt":"2024-07-04T06:59:53","guid":{"rendered":"https:\/\/casaarena.eu\/?post_type=product&#038;p=12761"},"modified":"2025-05-13T17:06:49","modified_gmt":"2025-05-13T17:06:49","slug":"passeig-en-barca-dia","status":"publish","type":"product","link":"https:\/\/casaarena.eu\/fr\/producte\/passeig-en-barca-dia\/","title":{"rendered":"Passeig en barca (Dia)"},"content":{"rendered":"<p><!-- VideographyWP Plugin Message: Automatic video embedding prevented by plugin options. --><br \/>\n<iframe title=\"Hem vist dofins\" width=\"746\" height=\"420\" src=\"https:\/\/www.youtube.com\/embed\/vxzMVkr-7DM?feature=oembed&#038;enablejsapi=1&#038;origin=https:\/\/casaarena.eu\" frameborder=\"0\" allow=\"accelerometer; autoplay; clipboard-write; encrypted-media; gyroscope; picture-in-picture; web-share\" referrerpolicy=\"strict-origin-when-cross-origin\" allowfullscreen><\/iframe><\/p>\n<p>Descobreix la m\u00e0gia del Cap de Creus des del mar amb una sortida en barca de 30 peus d&rsquo;eslora. Gaudeix d&rsquo;un dinar a bord mentre explores racons id\u00edl\u00b7lics i gaudeixes del bon temps en un dels darrers paradisos verges de la Mediterr\u00e0nia.<\/p>\n<p>El Cap de Creus, situat al nord de l&rsquo;Empord\u00e0, \u00e9s conegut com el Finisterre catal\u00e0, el punt m\u00e9s oriental de la Pen\u00ednsula. Aquest lloc m\u00e0gic \u00e9s el primer en veure sortir el sol cada dia. Gr\u00e0cies al seu a\u00efllament geogr\u00e0fic, ha rom\u00e0s pr\u00e0cticament intacte davant l\u2019expansi\u00f3 tur\u00edstica massiva que ha afectat altres parts de la Costa Brava. Els seus penya-segats escarpats, aig\u00fces cristal\u00b7lines i paisatges de somni modelats per la tramuntana s\u00f3n una meravella per als sentits.<\/p>\n<p>Durant la sortida en barca, depenent del recorregut i de les condicions del mar, podr\u00e0s explorar alguns dels paratges m\u00e9s bonics del Cap de Creus, com la Badia de Garbet, la Cala Tamariua, la Cala Tavallera, la Cala Culip, la Cala Fredosa, la Cala Jugadora, la Cova de l\u2019Infern, la Cala Guillola, les Illes Messina o fins i tot arribar a la badia de Cadaqu\u00e9s. Aquestes cales amagades i espectaculars ofereixen una experi\u00e8ncia \u00fanica i inoblidable, perfectes per fer un bany refrescant o simplement gaudir de la seva bellesa natural.<\/p>\n<p>No perdis l&rsquo;oportunitat de viure una aventura excepcional al Cap de Creus. Reserva la teva sortida en barca amb mariner i deixa\u2019t captivar per la serenitat i la bellesa d\u2019aquest rac\u00f3 privilegiat de la Mediterr\u00e0nia.<\/p>\n","protected":false},"excerpt":{"rendered":"<p>Passeig en barca amb mariner amb dinar ( contractar a part )<\/p>\n<p><strong>Sortida:<\/strong> Port de Llan\u00e7\u00e0<br \/>\n<strong>Temps: <\/strong>5\/6 hores<\/p>\n<p><em>Avis: sobre el temps\u00a0<\/em><\/p>\n","protected":false},"featured_media":12643,"template":"","meta":{"_acf_changed":false,"inline_featured_image":false},"product_brand":[],"product_cat":[85],"product_tag":[],"class_list":{"0":"post-12761","1":"product","2":"type-product","3":"status-publish","4":"has-post-thumbnail","6":"product_cat-productes-casa-arena","8":"first","9":"instock","10":"sold-individually","11":"taxable","12":"shipping-taxable","13":"purchasable","14":"product-type-simple"},"acf":[],"yoast_head":"<!-- This site is optimized with the Yoast SEO plugin v27.5 - https:\/\/yoast.com\/product\/yoast-seo-wordpress\/ -->\n<title>Passeig en barca (Dia) - Casa arena<\/title>\n<meta name=\"robots\" content=\"index, follow, max-snippet:-1, max-image-preview:large, max-video-preview:-1\" \/>\n<link rel=\"canonical\" href=\"https:\/\/casaarena.eu\/producte\/passeig-en-barca-dia\/\" \/>\n<meta property=\"og:locale\" content=\"fr_FR\" \/>\n<meta property=\"og:type\" content=\"article\" \/>\n<meta property=\"og:title\" content=\"Passeig en barca (Dia) - Casa arena\" \/>\n<meta property=\"og:description\" content=\"Passeig en barca amb mariner amb dinar ( contractar a part )  Sortida: Port de Llan\u00e7\u00e0 Temps: 5\/6 hores  Avis: sobre el temps\u00a0\" \/>\n<meta property=\"og:url\" content=\"https:\/\/casaarena.eu\/producte\/passeig-en-barca-dia\/\" \/>\n<meta property=\"og:site_name\" content=\"Casa arena\" \/>\n<meta property=\"article:modified_time\" content=\"2025-05-13T17:06:49+00:00\" \/>\n<meta property=\"og:image\" content=\"https:\/\/casaarena.eu\/wp-content\/uploads\/2024\/06\/barca_1-scaled.jpg\" \/>\n\t<meta property=\"og:image:width\" content=\"2560\" \/>\n\t<meta property=\"og:image:height\" content=\"1920\" \/>\n\t<meta property=\"og:image:type\" content=\"image\/jpeg\" \/>\n<meta name=\"twitter:card\" content=\"summary_large_image\" \/>\n<meta name=\"twitter:label1\" content=\"Dur\u00e9e de lecture estim\u00e9e\" \/>\n\t<meta name=\"twitter:data1\" content=\"2 minutes\" \/>\n<script type=\"application\/ld+json\" class=\"yoast-schema-graph\">{\"@context\":\"https:\\\/\\\/schema.org\",\"@graph\":[{\"@type\":\"WebPage\",\"@id\":\"https:\\\/\\\/casaarena.eu\\\/producte\\\/passeig-en-barca-dia\\\/\",\"url\":\"https:\\\/\\\/casaarena.eu\\\/producte\\\/passeig-en-barca-dia\\\/\",\"name\":\"Passeig en barca (Dia) - Casa arena\",\"isPartOf\":{\"@id\":\"https:\\\/\\\/casaarena.eu\\\/es\\\/#website\"},\"primaryImageOfPage\":{\"@id\":\"https:\\\/\\\/casaarena.eu\\\/producte\\\/passeig-en-barca-dia\\\/#primaryimage\"},\"image\":{\"@id\":\"https:\\\/\\\/casaarena.eu\\\/producte\\\/passeig-en-barca-dia\\\/#primaryimage\"},\"thumbnailUrl\":\"https:\\\/\\\/casaarena.eu\\\/wp-content\\\/uploads\\\/2024\\\/06\\\/barca_1-scaled.jpg\",\"datePublished\":\"2024-07-04T06:59:53+00:00\",\"dateModified\":\"2025-05-13T17:06:49+00:00\",\"breadcrumb\":{\"@id\":\"https:\\\/\\\/casaarena.eu\\\/producte\\\/passeig-en-barca-dia\\\/#breadcrumb\"},\"inLanguage\":\"fr-FR\",\"potentialAction\":[{\"@type\":\"ReadAction\",\"target\":[\"https:\\\/\\\/casaarena.eu\\\/producte\\\/passeig-en-barca-dia\\\/\"]}]},{\"@type\":\"ImageObject\",\"inLanguage\":\"fr-FR\",\"@id\":\"https:\\\/\\\/casaarena.eu\\\/producte\\\/passeig-en-barca-dia\\\/#primaryimage\",\"url\":\"https:\\\/\\\/casaarena.eu\\\/wp-content\\\/uploads\\\/2024\\\/06\\\/barca_1-scaled.jpg\",\"contentUrl\":\"https:\\\/\\\/casaarena.eu\\\/wp-content\\\/uploads\\\/2024\\\/06\\\/barca_1-scaled.jpg\",\"width\":2560,\"height\":1920},{\"@type\":\"BreadcrumbList\",\"@id\":\"https:\\\/\\\/casaarena.eu\\\/producte\\\/passeig-en-barca-dia\\\/#breadcrumb\",\"itemListElement\":[{\"@type\":\"ListItem\",\"position\":1,\"name\":\"Portada\",\"item\":\"https:\\\/\\\/casaarena.eu\\\/\"},{\"@type\":\"ListItem\",\"position\":2,\"name\":\"Products\",\"item\":\"https:\\\/\\\/casaarena.eu\\\/en\\\/shop\\\/\"},{\"@type\":\"ListItem\",\"position\":3,\"name\":\"Passeig en barca (Dia)\"}]},{\"@type\":\"WebSite\",\"@id\":\"https:\\\/\\\/casaarena.eu\\\/es\\\/#website\",\"url\":\"https:\\\/\\\/casaarena.eu\\\/es\\\/\",\"name\":\"Casa arena\",\"description\":\"Casa Arena Wordpress Site\",\"publisher\":{\"@id\":\"https:\\\/\\\/casaarena.eu\\\/es\\\/#organization\"},\"potentialAction\":[{\"@type\":\"SearchAction\",\"target\":{\"@type\":\"EntryPoint\",\"urlTemplate\":\"https:\\\/\\\/casaarena.eu\\\/es\\\/?s={search_term_string}\"},\"query-input\":{\"@type\":\"PropertyValueSpecification\",\"valueRequired\":true,\"valueName\":\"search_term_string\"}}],\"inLanguage\":\"fr-FR\"},{\"@type\":\"Organization\",\"@id\":\"https:\\\/\\\/casaarena.eu\\\/es\\\/#organization\",\"name\":\"Casa arena\",\"url\":\"https:\\\/\\\/casaarena.eu\\\/es\\\/\",\"logo\":{\"@type\":\"ImageObject\",\"inLanguage\":\"fr-FR\",\"@id\":\"https:\\\/\\\/casaarena.eu\\\/es\\\/#\\\/schema\\\/logo\\\/image\\\/\",\"url\":\"https:\\\/\\\/casaarena.eu\\\/wp-content\\\/uploads\\\/2020\\\/06\\\/cropped-CasaArena_Logotip_Web-2.png\",\"contentUrl\":\"https:\\\/\\\/casaarena.eu\\\/wp-content\\\/uploads\\\/2020\\\/06\\\/cropped-CasaArena_Logotip_Web-2.png\",\"width\":997,\"height\":613,\"caption\":\"Casa arena\"},\"image\":{\"@id\":\"https:\\\/\\\/casaarena.eu\\\/es\\\/#\\\/schema\\\/logo\\\/image\\\/\"},\"sameAs\":[\"https:\\\/\\\/www.instagram.com\\\/casaarena_eu\\\/\"]}]}<\/script>\n<!-- \/ Yoast SEO plugin. -->","yoast_head_json":{"title":"Passeig en barca (Dia) - Casa arena","robots":{"index":"index","follow":"follow","max-snippet":"max-snippet:-1","max-image-preview":"max-image-preview:large","max-video-preview":"max-video-preview:-1"},"canonical":"https:\/\/casaarena.eu\/producte\/passeig-en-barca-dia\/","og_locale":"fr_FR","og_type":"article","og_title":"Passeig en barca (Dia) - Casa arena","og_description":"Passeig en barca amb mariner amb dinar ( contractar a part )  Sortida: Port de Llan\u00e7\u00e0 Temps: 5\/6 hores  Avis: sobre el temps\u00a0","og_url":"https:\/\/casaarena.eu\/producte\/passeig-en-barca-dia\/","og_site_name":"Casa arena","article_modified_time":"2025-05-13T17:06:49+00:00","og_image":[{"width":2560,"height":1920,"url":"https:\/\/casaarena.eu\/wp-content\/uploads\/2024\/06\/barca_1-scaled.jpg","type":"image\/jpeg"}],"twitter_card":"summary_large_image","twitter_misc":{"Dur\u00e9e de lecture estim\u00e9e":"2 minutes"},"schema":{"@context":"https:\/\/schema.org","@graph":[{"@type":"WebPage","@id":"https:\/\/casaarena.eu\/producte\/passeig-en-barca-dia\/","url":"https:\/\/casaarena.eu\/producte\/passeig-en-barca-dia\/","name":"Passeig en barca (Dia) - Casa arena","isPartOf":{"@id":"https:\/\/casaarena.eu\/es\/#website"},"primaryImageOfPage":{"@id":"https:\/\/casaarena.eu\/producte\/passeig-en-barca-dia\/#primaryimage"},"image":{"@id":"https:\/\/casaarena.eu\/producte\/passeig-en-barca-dia\/#primaryimage"},"thumbnailUrl":"https:\/\/casaarena.eu\/wp-content\/uploads\/2024\/06\/barca_1-scaled.jpg","datePublished":"2024-07-04T06:59:53+00:00","dateModified":"2025-05-13T17:06:49+00:00","breadcrumb":{"@id":"https:\/\/casaarena.eu\/producte\/passeig-en-barca-dia\/#breadcrumb"},"inLanguage":"fr-FR","potentialAction":[{"@type":"ReadAction","target":["https:\/\/casaarena.eu\/producte\/passeig-en-barca-dia\/"]}]},{"@type":"ImageObject","inLanguage":"fr-FR","@id":"https:\/\/casaarena.eu\/producte\/passeig-en-barca-dia\/#primaryimage","url":"https:\/\/casaarena.eu\/wp-content\/uploads\/2024\/06\/barca_1-scaled.jpg","contentUrl":"https:\/\/casaarena.eu\/wp-content\/uploads\/2024\/06\/barca_1-scaled.jpg","width":2560,"height":1920},{"@type":"BreadcrumbList","@id":"https:\/\/casaarena.eu\/producte\/passeig-en-barca-dia\/#breadcrumb","itemListElement":[{"@type":"ListItem","position":1,"name":"Portada","item":"https:\/\/casaarena.eu\/"},{"@type":"ListItem","position":2,"name":"Products","item":"https:\/\/casaarena.eu\/en\/shop\/"},{"@type":"ListItem","position":3,"name":"Passeig en barca (Dia)"}]},{"@type":"WebSite","@id":"https:\/\/casaarena.eu\/es\/#website","url":"https:\/\/casaarena.eu\/es\/","name":"Casa arena","description":"Casa Arena Wordpress Site","publisher":{"@id":"https:\/\/casaarena.eu\/es\/#organization"},"potentialAction":[{"@type":"SearchAction","target":{"@type":"EntryPoint","urlTemplate":"https:\/\/casaarena.eu\/es\/?s={search_term_string}"},"query-input":{"@type":"PropertyValueSpecification","valueRequired":true,"valueName":"search_term_string"}}],"inLanguage":"fr-FR"},{"@type":"Organization","@id":"https:\/\/casaarena.eu\/es\/#organization","name":"Casa arena","url":"https:\/\/casaarena.eu\/es\/","logo":{"@type":"ImageObject","inLanguage":"fr-FR","@id":"https:\/\/casaarena.eu\/es\/#\/schema\/logo\/image\/","url":"https:\/\/casaarena.eu\/wp-content\/uploads\/2020\/06\/cropped-CasaArena_Logotip_Web-2.png","contentUrl":"https:\/\/casaarena.eu\/wp-content\/uploads\/2020\/06\/cropped-CasaArena_Logotip_Web-2.png","width":997,"height":613,"caption":"Casa arena"},"image":{"@id":"https:\/\/casaarena.eu\/es\/#\/schema\/logo\/image\/"},"sameAs":["https:\/\/www.instagram.com\/casaarena_eu\/"]}]}},"_links":{"self":[{"href":"https:\/\/casaarena.eu\/fr\/wp-json\/wp\/v2\/product\/12761","targetHints":{"allow":["GET"]}}],"collection":[{"href":"https:\/\/casaarena.eu\/fr\/wp-json\/wp\/v2\/product"}],"about":[{"href":"https:\/\/casaarena.eu\/fr\/wp-json\/wp\/v2\/types\/product"}],"wp:featuredmedia":[{"embeddable":true,"href":"https:\/\/casaarena.eu\/fr\/wp-json\/wp\/v2\/media\/12643"}],"wp:attachment":[{"href":"https:\/\/casaarena.eu\/fr\/wp-json\/wp\/v2\/media?parent=12761"}],"wp:term":[{"taxonomy":"product_brand","embeddable":true,"href":"https:\/\/casaarena.eu\/fr\/wp-json\/wp\/v2\/product_brand?post=12761"},{"taxonomy":"product_cat","embeddable":true,"href":"https:\/\/casaarena.eu\/fr\/wp-json\/wp\/v2\/product_cat?post=12761"},{"taxonomy":"product_tag","embeddable":true,"href":"https:\/\/casaarena.eu\/fr\/wp-json\/wp\/v2\/product_tag?post=12761"}],"curies":[{"name":"wp","href":"https:\/\/api.w.org\/{rel}","templated":true}]}}