{"id":5177,"date":"2021-07-07T11:16:40","date_gmt":"2021-07-07T11:16:40","guid":{"rendered":"https:\/\/www.casaarena.eu\/bienvenue-chez-casa-arena\/"},"modified":"2025-10-13T08:24:46","modified_gmt":"2025-10-13T08:24:46","slug":"bienvenue-chez-casa-arena","status":"publish","type":"page","link":"https:\/\/casaarena.eu\/fr\/","title":{"rendered":"Bienvenue chez Casa Arena"},"content":{"rendered":"\t\t<div data-elementor-type=\"wp-post\" data-elementor-id=\"5177\" class=\"elementor elementor-5177 elementor-98\">\n\t\t\t\t\t\t<section class=\"elementor-section elementor-top-section elementor-element elementor-element-e9fc09d elementor-hidden-tablet elementor-hidden-phone elementor-section-boxed elementor-section-height-default elementor-section-height-default\" data-id=\"e9fc09d\" data-element_type=\"section\" data-e-type=\"section\">\n\t\t\t\t\t\t<div class=\"elementor-container elementor-column-gap-default\">\n\t\t\t\t\t<div class=\"elementor-column elementor-col-100 elementor-top-column elementor-element elementor-element-f6010a8\" data-id=\"f6010a8\" data-element_type=\"column\" data-e-type=\"column\">\n\t\t\t<div class=\"elementor-widget-wrap elementor-element-populated\">\n\t\t\t\t\t\t<div class=\"elementor-element elementor-element-8886a92 elementor-widget elementor-widget-spacer\" data-id=\"8886a92\" data-element_type=\"widget\" data-e-type=\"widget\" data-widget_type=\"spacer.default\">\n\t\t\t\t<div class=\"elementor-widget-container\">\n\t\t\t\t\t\t\t<div class=\"elementor-spacer\">\n\t\t\t<div class=\"elementor-spacer-inner\"><\/div>\n\t\t<\/div>\n\t\t\t\t\t\t<\/div>\n\t\t\t\t<\/div>\n\t\t\t\t\t<\/div>\n\t\t<\/div>\n\t\t\t\t\t<\/div>\n\t\t<\/section>\n\t\t\t\t<section class=\"elementor-section elementor-top-section elementor-element elementor-element-d2a713b elementor-section-boxed elementor-section-height-default elementor-section-height-default\" data-id=\"d2a713b\" data-element_type=\"section\" data-e-type=\"section\">\n\t\t\t\t\t\t<div class=\"elementor-container elementor-column-gap-default\">\n\t\t\t\t\t<div class=\"elementor-column elementor-col-50 elementor-top-column elementor-element elementor-element-e8588e8\" data-id=\"e8588e8\" data-element_type=\"column\" data-e-type=\"column\">\n\t\t\t<div class=\"elementor-widget-wrap elementor-element-populated\">\n\t\t\t\t\t\t<div class=\"elementor-element elementor-element-2583282 elementor-widget elementor-widget-heading\" data-id=\"2583282\" data-element_type=\"widget\" data-e-type=\"widget\" data-widget_type=\"heading.default\">\n\t\t\t\t<div class=\"elementor-widget-container\">\n\t\t\t\t\t<span class=\"elementor-heading-title elementor-size-default\"><b>- Appartements et studios fantastiques !<\/b><\/span>\t\t\t\t<\/div>\n\t\t\t\t<\/div>\n\t\t\t\t<div class=\"elementor-element elementor-element-b981be0 elementor-widget elementor-widget-heading\" data-id=\"b981be0\" data-element_type=\"widget\" data-e-type=\"widget\" data-widget_type=\"heading.default\">\n\t\t\t\t<div class=\"elementor-widget-container\">\n\t\t\t\t\t<h2 class=\"elementor-heading-title elementor-size-default\">\u00c0 propos de Casa Arena<\/h2>\t\t\t\t<\/div>\n\t\t\t\t<\/div>\n\t\t\t\t<div class=\"elementor-element elementor-element-e5bf5f0 elementor-widget elementor-widget-image\" data-id=\"e5bf5f0\" data-element_type=\"widget\" data-e-type=\"widget\" data-widget_type=\"image.default\">\n\t\t\t\t<div class=\"elementor-widget-container\">\n\t\t\t\t\t\t\t\t\t\t\t\t\t\t\t<img decoding=\"async\" width=\"55\" height=\"150\" src=\"https:\/\/casaarena.eu\/wp-content\/uploads\/2021\/01\/Cattura.jpg\" class=\"attachment-thumbnail size-thumbnail wp-image-3162\" alt=\"\" \/>\t\t\t\t\t\t\t\t\t\t\t\t\t\t\t<\/div>\n\t\t\t\t<\/div>\n\t\t\t\t<div class=\"elementor-element elementor-element-26e43f6 elementor-widget elementor-widget-text-editor\" data-id=\"26e43f6\" data-element_type=\"widget\" data-e-type=\"widget\" data-widget_type=\"text-editor.default\">\n\t\t\t\t<div class=\"elementor-widget-container\">\n\t\t\t\t\t\t\t\t\t<p>Depuis notre mariage il y a plus de 30 ans, nous passons l&rsquo;\u00e9t\u00e9 au Cap de Creus. Notre affection pour la c\u00f4te catalane, ses habitants et ses traditions nous a amen\u00e9s \u00e0 nous lancer dans un nouveau projet : nous proposons des courts s\u00e9jours \u00e0 Llan\u00e7\u00e0, au nord de la Costa Brava. Nous offrons des espaces confortables et exclusifs pour que nos clients gardent des souvenirs inoubliables de leur s\u00e9jour dans l&rsquo;Empord\u00e0.<\/p>\n\t\t\t\t\t\t\t\t<\/div>\n\t\t\t\t<\/div>\n\t\t\t\t<div class=\"elementor-element elementor-element-42dff7f elementor-widget elementor-widget-button\" data-id=\"42dff7f\" data-element_type=\"widget\" data-e-type=\"widget\" data-widget_type=\"button.default\">\n\t\t\t\t<div class=\"elementor-widget-container\">\n\t\t\t\t\t\t\t\t\t<div class=\"elementor-button-wrapper\">\n\t\t\t\t\t<a class=\"elementor-button elementor-button-link elementor-size-md\" href=\"\/fr\/a-propos\/\">\n\t\t\t\t\t\t<span class=\"elementor-button-content-wrapper\">\n\t\t\t\t\t\t\t\t\t<span class=\"elementor-button-text\">Voir les d\u00e9tails<\/span>\n\t\t\t\t\t<\/span>\n\t\t\t\t\t<\/a>\n\t\t\t\t<\/div>\n\t\t\t\t\t\t\t\t<\/div>\n\t\t\t\t<\/div>\n\t\t\t\t\t<\/div>\n\t\t<\/div>\n\t\t\t\t<div class=\"elementor-column elementor-col-50 elementor-top-column elementor-element elementor-element-d5987cf\" data-id=\"d5987cf\" data-element_type=\"column\" data-e-type=\"column\">\n\t\t\t<div class=\"elementor-widget-wrap elementor-element-populated\">\n\t\t\t\t\t\t<div class=\"elementor-element elementor-element-dbb0c01 animated-slow elementor-invisible elementor-widget elementor-widget-image\" data-id=\"dbb0c01\" data-element_type=\"widget\" data-e-type=\"widget\" data-settings=\"{&quot;_animation&quot;:&quot;fadeInRight&quot;}\" data-widget_type=\"image.default\">\n\t\t\t\t<div class=\"elementor-widget-container\">\n\t\t\t\t\t\t\t\t\t\t\t\t\t\t\t<img fetchpriority=\"high\" decoding=\"async\" width=\"746\" height=\"746\" src=\"https:\/\/casaarena.eu\/wp-content\/uploads\/2018\/08\/Artboard-Copy-3.jpg\" class=\"attachment-large size-large wp-image-6552\" alt=\"\" \/>\t\t\t\t\t\t\t\t\t\t\t\t\t\t\t<\/div>\n\t\t\t\t<\/div>\n\t\t\t\t\t<\/div>\n\t\t<\/div>\n\t\t\t\t\t<\/div>\n\t\t<\/section>\n\t\t\t\t<section class=\"elementor-section elementor-top-section elementor-element elementor-element-669e864 elementor-hidden-tablet elementor-hidden-phone elementor-section-boxed elementor-section-height-default elementor-section-height-default\" data-id=\"669e864\" data-element_type=\"section\" data-e-type=\"section\">\n\t\t\t\t\t\t<div class=\"elementor-container elementor-column-gap-default\">\n\t\t\t\t\t<div class=\"elementor-column elementor-col-100 elementor-top-column elementor-element elementor-element-5f82317\" data-id=\"5f82317\" data-element_type=\"column\" data-e-type=\"column\">\n\t\t\t<div class=\"elementor-widget-wrap elementor-element-populated\">\n\t\t\t\t\t\t<div class=\"elementor-element elementor-element-58b0aac elementor-widget elementor-widget-spacer\" data-id=\"58b0aac\" data-element_type=\"widget\" data-e-type=\"widget\" data-widget_type=\"spacer.default\">\n\t\t\t\t<div class=\"elementor-widget-container\">\n\t\t\t\t\t\t\t<div class=\"elementor-spacer\">\n\t\t\t<div class=\"elementor-spacer-inner\"><\/div>\n\t\t<\/div>\n\t\t\t\t\t\t<\/div>\n\t\t\t\t<\/div>\n\t\t\t\t\t<\/div>\n\t\t<\/div>\n\t\t\t\t\t<\/div>\n\t\t<\/section>\n\t\t\t\t<section class=\"elementor-section elementor-top-section elementor-element elementor-element-38b8a27 elementor-section-content-middle elementor-section-boxed elementor-section-height-default elementor-section-height-default\" data-id=\"38b8a27\" data-element_type=\"section\" data-e-type=\"section\">\n\t\t\t\t\t\t<div class=\"elementor-container elementor-column-gap-wider\">\n\t\t\t\t\t<div class=\"elementor-column elementor-col-50 elementor-top-column elementor-element elementor-element-0449cc2 elementor-hidden-tablet elementor-hidden-phone\" data-id=\"0449cc2\" data-element_type=\"column\" data-e-type=\"column\" data-settings=\"{&quot;background_background&quot;:&quot;classic&quot;}\">\n\t\t\t<div class=\"elementor-widget-wrap elementor-element-populated\">\n\t\t\t\t\t\t<div class=\"elementor-element elementor-element-b94e0e5 animated-slow elementor-invisible elementor-widget elementor-widget-image\" data-id=\"b94e0e5\" data-element_type=\"widget\" data-e-type=\"widget\" data-settings=\"{&quot;_animation&quot;:&quot;fadeInLeft&quot;}\" data-widget_type=\"image.default\">\n\t\t\t\t<div class=\"elementor-widget-container\">\n\t\t\t\t\t\t\t\t\t\t\t\t\t\t\t<img decoding=\"async\" width=\"746\" height=\"932\" src=\"https:\/\/casaarena.eu\/wp-content\/uploads\/2021\/01\/boat-2965894_1920-1.jpg\" class=\"attachment-large size-large wp-image-3154\" alt=\"\" \/>\t\t\t\t\t\t\t\t\t\t\t\t\t\t\t<\/div>\n\t\t\t\t<\/div>\n\t\t\t\t<div class=\"elementor-element elementor-element-dfa21df elementor-widget elementor-widget-spacer\" data-id=\"dfa21df\" data-element_type=\"widget\" data-e-type=\"widget\" data-widget_type=\"spacer.default\">\n\t\t\t\t<div class=\"elementor-widget-container\">\n\t\t\t\t\t\t\t<div class=\"elementor-spacer\">\n\t\t\t<div class=\"elementor-spacer-inner\"><\/div>\n\t\t<\/div>\n\t\t\t\t\t\t<\/div>\n\t\t\t\t<\/div>\n\t\t\t\t\t<\/div>\n\t\t<\/div>\n\t\t\t\t<div class=\"elementor-column elementor-col-50 elementor-top-column elementor-element elementor-element-fbf799b\" data-id=\"fbf799b\" data-element_type=\"column\" data-e-type=\"column\">\n\t\t\t<div class=\"elementor-widget-wrap elementor-element-populated\">\n\t\t\t\t\t\t<div class=\"elementor-element elementor-element-581d64b elementor-widget elementor-widget-heading\" data-id=\"581d64b\" data-element_type=\"widget\" data-e-type=\"widget\" data-widget_type=\"heading.default\">\n\t\t\t\t<div class=\"elementor-widget-container\">\n\t\t\t\t\t<h2 class=\"elementor-heading-title elementor-size-default\">Une exp\u00e9rience \u00e0 part enti\u00e8re<\/h2>\t\t\t\t<\/div>\n\t\t\t\t<\/div>\n\t\t\t\t<div class=\"elementor-element elementor-element-6163438 elementor-widget elementor-widget-image\" data-id=\"6163438\" data-element_type=\"widget\" data-e-type=\"widget\" data-widget_type=\"image.default\">\n\t\t\t\t<div class=\"elementor-widget-container\">\n\t\t\t\t\t\t\t\t\t\t\t\t\t\t\t<img decoding=\"async\" width=\"55\" height=\"150\" src=\"https:\/\/casaarena.eu\/wp-content\/uploads\/2021\/01\/Cattura.jpg\" class=\"attachment-thumbnail size-thumbnail wp-image-3162\" alt=\"\" \/>\t\t\t\t\t\t\t\t\t\t\t\t\t\t\t<\/div>\n\t\t\t\t<\/div>\n\t\t\t\t<div class=\"elementor-element elementor-element-76ccbc9 elementor-widget elementor-widget-text-editor\" data-id=\"76ccbc9\" data-element_type=\"widget\" data-e-type=\"widget\" data-widget_type=\"text-editor.default\">\n\t\t\t\t<div class=\"elementor-widget-container\">\n\t\t\t\t\t\t\t\t\t<p>La premi\u00e8re fois qu&rsquo;Anna (ma femme) et moi avons pass\u00e9 un week-end \u00e0 Cadaqu\u00e9s, nous sommes tomb\u00e9s amoureux du Cap de Creus. Nous n&rsquo;avons jamais oubli\u00e9 les bons souvenirs et exp\u00e9riences de ces quelques jours.<\/p>\n<p>Des ann\u00e9es plus tard, alors que la famille s&rsquo;agrandissait, nous avons continu\u00e9 \u00e0 profiter des \u00e9t\u00e9s magiques \u00e0 Llan\u00e7\u00e0 et Cadaqu\u00e9s. Avec un petit bateau, nous avons parcouru en d\u00e9couvrant les d\u00e9tails de la g\u00e9ographie de l&rsquo;Empord\u00e0 et des criques les plus cach\u00e9es, nous avons appris les noms des poissons du Cap de Creus et nous avons pr\u00eat\u00e9 attention aux sifflements et aux tons de la Tramuntana.<\/p>\n<p>Aujourd&rsquo;hui, ce sont nos enfants qui y emm\u00e8nent leurs propres enfants passer les \u00e9t\u00e9s, No\u00ebl et P\u00e2ques. On peut d\u00e9j\u00e0 dire que nous sommes chacun de nos c\u0153urs.<\/p>\n<p>Nous aimons le village et ses habitants et souhaitons partager notre amour pour la tradition, la langue, la qualit\u00e9 et les paysages idylliques avec de nombreuses autres personnes qui seront tr\u00e8s heureuses d\u00e8s qu&rsquo;elles le d\u00e9couvriront.<\/p>\n\t\t\t\t\t\t\t\t<\/div>\n\t\t\t\t<\/div>\n\t\t\t\t\t<\/div>\n\t\t<\/div>\n\t\t\t\t\t<\/div>\n\t\t<\/section>\n\t\t\t\t<section class=\"elementor-section elementor-top-section elementor-element elementor-element-dce4c26 elementor-hidden-tablet elementor-hidden-phone elementor-section-boxed elementor-section-height-default elementor-section-height-default\" data-id=\"dce4c26\" data-element_type=\"section\" data-e-type=\"section\">\n\t\t\t\t\t\t<div class=\"elementor-container elementor-column-gap-default\">\n\t\t\t\t\t<div class=\"elementor-column elementor-col-100 elementor-top-column elementor-element elementor-element-826ba77\" data-id=\"826ba77\" data-element_type=\"column\" data-e-type=\"column\">\n\t\t\t<div class=\"elementor-widget-wrap elementor-element-populated\">\n\t\t\t\t\t\t<div class=\"elementor-element elementor-element-1866828 elementor-widget elementor-widget-spacer\" data-id=\"1866828\" data-element_type=\"widget\" data-e-type=\"widget\" data-widget_type=\"spacer.default\">\n\t\t\t\t<div class=\"elementor-widget-container\">\n\t\t\t\t\t\t\t<div class=\"elementor-spacer\">\n\t\t\t<div class=\"elementor-spacer-inner\"><\/div>\n\t\t<\/div>\n\t\t\t\t\t\t<\/div>\n\t\t\t\t<\/div>\n\t\t\t\t\t<\/div>\n\t\t<\/div>\n\t\t\t\t\t<\/div>\n\t\t<\/section>\n\t\t\t\t<section class=\"elementor-section elementor-top-section elementor-element elementor-element-4b54089 elementor-section-boxed elementor-section-height-default elementor-section-height-default\" data-id=\"4b54089\" data-element_type=\"section\" data-e-type=\"section\">\n\t\t\t\t\t\t<div class=\"elementor-container elementor-column-gap-default\">\n\t\t\t\t\t<div class=\"elementor-column elementor-col-50 elementor-top-column elementor-element elementor-element-651db21\" data-id=\"651db21\" data-element_type=\"column\" data-e-type=\"column\">\n\t\t\t<div class=\"elementor-widget-wrap elementor-element-populated\">\n\t\t\t\t\t\t<div class=\"elementor-element elementor-element-b73794b elementor-widget elementor-widget-heading\" data-id=\"b73794b\" data-element_type=\"widget\" data-e-type=\"widget\" data-widget_type=\"heading.default\">\n\t\t\t\t<div class=\"elementor-widget-container\">\n\t\t\t\t\t<h2 class=\"elementor-heading-title elementor-size-default\">Nos offres<\/h2>\t\t\t\t<\/div>\n\t\t\t\t<\/div>\n\t\t\t\t<div class=\"elementor-element elementor-element-617efcb elementor-widget elementor-widget-image\" data-id=\"617efcb\" data-element_type=\"widget\" data-e-type=\"widget\" data-widget_type=\"image.default\">\n\t\t\t\t<div class=\"elementor-widget-container\">\n\t\t\t\t\t\t\t\t\t\t\t\t\t\t\t<img decoding=\"async\" width=\"55\" height=\"150\" src=\"https:\/\/casaarena.eu\/wp-content\/uploads\/2021\/01\/Cattura.jpg\" class=\"attachment-thumbnail size-thumbnail wp-image-3162\" alt=\"\" \/>\t\t\t\t\t\t\t\t\t\t\t\t\t\t\t<\/div>\n\t\t\t\t<\/div>\n\t\t\t\t<div class=\"elementor-element elementor-element-df6ff61 elementor-widget elementor-widget-text-editor\" data-id=\"df6ff61\" data-element_type=\"widget\" data-e-type=\"widget\" data-widget_type=\"text-editor.default\">\n\t\t\t\t<div class=\"elementor-widget-container\">\n\t\t\t\t\t\t\t\t\t<p>Nous proposons un h\u00e9bergement et un confort de haute qualit\u00e9 avec tous les services et commodit\u00e9s d&rsquo;une villa de luxe. Nous offrons \u00e0 nos clients un service familial chaleureux et proche.<\/p>\n<p>Les appartements Casa Arena sont \u00e9quip\u00e9s de syst\u00e8mes domotiques \u00e0 la pointe de la technologie, de codes d&rsquo;entr\u00e9e, de syst\u00e8mes d&rsquo;alarme et d&rsquo;autres services.<\/p>\n<p>Sur notre site internet, vous pouvez louer une gamme presque infinie de services qui rendront votre s\u00e9jour sur la Costa Brava encore plus agr\u00e9able : nourriture de qualit\u00e9, accessoires pour les plus petits, service de nettoyage, conciergerie&#8230;<\/p>\n\t\t\t\t\t\t\t\t<\/div>\n\t\t\t\t<\/div>\n\t\t\t\t\t<\/div>\n\t\t<\/div>\n\t\t\t\t<div class=\"elementor-column elementor-col-50 elementor-top-column elementor-element elementor-element-7e6502d\" data-id=\"7e6502d\" data-element_type=\"column\" data-e-type=\"column\">\n\t\t\t<div class=\"elementor-widget-wrap elementor-element-populated\">\n\t\t\t\t\t\t<div class=\"elementor-element elementor-element-1c60fb5 animated-slow elementor-invisible elementor-widget elementor-widget-image\" data-id=\"1c60fb5\" data-element_type=\"widget\" data-e-type=\"widget\" data-settings=\"{&quot;_animation&quot;:&quot;fadeInRight&quot;}\" data-widget_type=\"image.default\">\n\t\t\t\t<div class=\"elementor-widget-container\">\n\t\t\t\t\t\t\t\t\t\t\t\t\t\t\t<img decoding=\"async\" src=\"https:\/\/casaarena.eu\/wp-content\/uploads\/elementor\/thumbs\/0009570-p71zrqvnv8cpsm1ncfa9dmg526zwr170xjk4dudx9o.jpg\" title=\"_0009570\" alt=\"_0009570\" loading=\"lazy\" \/>\t\t\t\t\t\t\t\t\t\t\t\t\t\t\t<\/div>\n\t\t\t\t<\/div>\n\t\t\t\t\t<\/div>\n\t\t<\/div>\n\t\t\t\t\t<\/div>\n\t\t<\/section>\n\t\t\t\t<section class=\"elementor-section elementor-top-section elementor-element elementor-element-8e3169c elementor-hidden-tablet elementor-hidden-phone elementor-section-boxed elementor-section-height-default elementor-section-height-default\" data-id=\"8e3169c\" data-element_type=\"section\" data-e-type=\"section\">\n\t\t\t\t\t\t<div class=\"elementor-container elementor-column-gap-default\">\n\t\t\t\t\t<div class=\"elementor-column elementor-col-100 elementor-top-column elementor-element elementor-element-1c64866\" data-id=\"1c64866\" data-element_type=\"column\" data-e-type=\"column\">\n\t\t\t<div class=\"elementor-widget-wrap elementor-element-populated\">\n\t\t\t\t\t\t<div class=\"elementor-element elementor-element-ea7b6d4 elementor-widget elementor-widget-spacer\" data-id=\"ea7b6d4\" data-element_type=\"widget\" data-e-type=\"widget\" data-widget_type=\"spacer.default\">\n\t\t\t\t<div class=\"elementor-widget-container\">\n\t\t\t\t\t\t\t<div class=\"elementor-spacer\">\n\t\t\t<div class=\"elementor-spacer-inner\"><\/div>\n\t\t<\/div>\n\t\t\t\t\t\t<\/div>\n\t\t\t\t<\/div>\n\t\t\t\t\t<\/div>\n\t\t<\/div>\n\t\t\t\t\t<\/div>\n\t\t<\/section>\n\t\t\t\t<section class=\"elementor-section elementor-top-section elementor-element elementor-element-4491dc0 elementor-section-boxed elementor-section-height-default elementor-section-height-default\" data-id=\"4491dc0\" data-element_type=\"section\" data-e-type=\"section\">\n\t\t\t\t\t\t<div class=\"elementor-container elementor-column-gap-default\">\n\t\t\t\t\t<div class=\"elementor-column elementor-col-50 elementor-top-column elementor-element elementor-element-69538bb elementor-hidden-tablet elementor-hidden-phone\" data-id=\"69538bb\" data-element_type=\"column\" data-e-type=\"column\" data-settings=\"{&quot;background_background&quot;:&quot;classic&quot;}\">\n\t\t\t<div class=\"elementor-widget-wrap elementor-element-populated\">\n\t\t\t\t\t\t<div class=\"elementor-element elementor-element-4c8161d animated-slow elementor-invisible elementor-widget elementor-widget-image\" data-id=\"4c8161d\" data-element_type=\"widget\" data-e-type=\"widget\" data-settings=\"{&quot;_animation&quot;:&quot;fadeInLeft&quot;}\" data-widget_type=\"image.default\">\n\t\t\t\t<div class=\"elementor-widget-container\">\n\t\t\t\t\t\t\t\t\t\t\t\t\t\t\t<img decoding=\"async\" src=\"https:\/\/casaarena.eu\/wp-content\/uploads\/elementor\/thumbs\/0009560-p71zr2fuxjf9er15b4pyksm5m6cd6wi066lhwne5rg.jpg\" title=\"_0009560\" alt=\"_0009560\" loading=\"lazy\" \/>\t\t\t\t\t\t\t\t\t\t\t\t\t\t\t<\/div>\n\t\t\t\t<\/div>\n\t\t\t\t<div class=\"elementor-element elementor-element-a33f450 elementor-widget elementor-widget-spacer\" data-id=\"a33f450\" data-element_type=\"widget\" data-e-type=\"widget\" data-widget_type=\"spacer.default\">\n\t\t\t\t<div class=\"elementor-widget-container\">\n\t\t\t\t\t\t\t<div class=\"elementor-spacer\">\n\t\t\t<div class=\"elementor-spacer-inner\"><\/div>\n\t\t<\/div>\n\t\t\t\t\t\t<\/div>\n\t\t\t\t<\/div>\n\t\t\t\t\t<\/div>\n\t\t<\/div>\n\t\t\t\t<div class=\"elementor-column elementor-col-50 elementor-top-column elementor-element elementor-element-b8d3c8e\" data-id=\"b8d3c8e\" data-element_type=\"column\" data-e-type=\"column\">\n\t\t\t<div class=\"elementor-widget-wrap elementor-element-populated\">\n\t\t\t\t\t\t<div class=\"elementor-element elementor-element-68bf00e elementor-widget elementor-widget-heading\" data-id=\"68bf00e\" data-element_type=\"widget\" data-e-type=\"widget\" data-widget_type=\"heading.default\">\n\t\t\t\t<div class=\"elementor-widget-container\">\n\t\t\t\t\t<h2 class=\"elementor-heading-title elementor-size-default\">Nos valeurs<\/h2>\t\t\t\t<\/div>\n\t\t\t\t<\/div>\n\t\t\t\t<div class=\"elementor-element elementor-element-f412a84 elementor-widget elementor-widget-image\" data-id=\"f412a84\" data-element_type=\"widget\" data-e-type=\"widget\" data-widget_type=\"image.default\">\n\t\t\t\t<div class=\"elementor-widget-container\">\n\t\t\t\t\t\t\t\t\t\t\t\t\t\t\t<img decoding=\"async\" width=\"55\" height=\"150\" src=\"https:\/\/casaarena.eu\/wp-content\/uploads\/2021\/01\/Cattura.jpg\" class=\"attachment-thumbnail size-thumbnail wp-image-3162\" alt=\"\" \/>\t\t\t\t\t\t\t\t\t\t\t\t\t\t\t<\/div>\n\t\t\t\t<\/div>\n\t\t\t\t<div class=\"elementor-element elementor-element-9fe9b40 elementor-widget elementor-widget-text-editor\" data-id=\"9fe9b40\" data-element_type=\"widget\" data-e-type=\"widget\" data-widget_type=\"text-editor.default\">\n\t\t\t\t<div class=\"elementor-widget-container\">\n\t\t\t\t\t\t\t\t\t<p>Chez Casa Arena, nous accordons une grande importance aux valeurs et \u00e0 l&rsquo;\u00e9thique, tant dans le domaine personnel que professionnel.<\/p>\n<p>Notre proposition est honn\u00eate et de haute qualit\u00e9. Notre \u00e9quipe est compos\u00e9e de personnes qui ont une grande vocation de service et l&rsquo;objectif de toujours d\u00e9passer les attentes de nos clients.<\/p>\n\t\t\t\t\t\t\t\t<\/div>\n\t\t\t\t<\/div>\n\t\t\t\t\t<\/div>\n\t\t<\/div>\n\t\t\t\t\t<\/div>\n\t\t<\/section>\n\t\t\t\t<section class=\"elementor-section elementor-top-section elementor-element elementor-element-e590ed3 elementor-hidden-tablet elementor-hidden-phone elementor-section-boxed elementor-section-height-default elementor-section-height-default\" data-id=\"e590ed3\" data-element_type=\"section\" data-e-type=\"section\">\n\t\t\t\t\t\t<div class=\"elementor-container elementor-column-gap-default\">\n\t\t\t\t\t<div class=\"elementor-column elementor-col-100 elementor-top-column elementor-element elementor-element-9f0311e\" data-id=\"9f0311e\" data-element_type=\"column\" data-e-type=\"column\">\n\t\t\t<div class=\"elementor-widget-wrap elementor-element-populated\">\n\t\t\t\t\t\t<div class=\"elementor-element elementor-element-62c55e3 elementor-widget elementor-widget-spacer\" data-id=\"62c55e3\" data-element_type=\"widget\" data-e-type=\"widget\" data-widget_type=\"spacer.default\">\n\t\t\t\t<div class=\"elementor-widget-container\">\n\t\t\t\t\t\t\t<div class=\"elementor-spacer\">\n\t\t\t<div class=\"elementor-spacer-inner\"><\/div>\n\t\t<\/div>\n\t\t\t\t\t\t<\/div>\n\t\t\t\t<\/div>\n\t\t\t\t\t<\/div>\n\t\t<\/div>\n\t\t\t\t\t<\/div>\n\t\t<\/section>\n\t\t\t\t<section class=\"elementor-section elementor-top-section elementor-element elementor-element-4c34e45 elementor-hidden-phone elementor-section-boxed elementor-section-height-default elementor-section-height-default\" data-id=\"4c34e45\" data-element_type=\"section\" data-e-type=\"section\" data-settings=\"{&quot;background_background&quot;:&quot;classic&quot;}\">\n\t\t\t\t\t\t<div class=\"elementor-container elementor-column-gap-default\">\n\t\t\t\t\t<div class=\"elementor-column elementor-col-100 elementor-top-column elementor-element elementor-element-acca6be\" data-id=\"acca6be\" data-element_type=\"column\" data-e-type=\"column\">\n\t\t\t<div class=\"elementor-widget-wrap elementor-element-populated\">\n\t\t\t\t\t\t<div class=\"elementor-element elementor-element-04a4a40 elementor-widget elementor-widget-heading\" data-id=\"04a4a40\" data-element_type=\"widget\" data-e-type=\"widget\" data-widget_type=\"heading.default\">\n\t\t\t\t<div class=\"elementor-widget-container\">\n\t\t\t\t\t<span class=\"elementor-heading-title elementor-size-default\"><b>H\u00e9bergements haut de gamme <\/b><\/span>\t\t\t\t<\/div>\n\t\t\t\t<\/div>\n\t\t\t\t<div class=\"elementor-element elementor-element-f4d2c3d elementor-widget elementor-widget-heading\" data-id=\"f4d2c3d\" data-element_type=\"widget\" data-e-type=\"widget\" data-widget_type=\"heading.default\">\n\t\t\t\t<div class=\"elementor-widget-container\">\n\t\t\t\t\t<h2 class=\"elementor-heading-title elementor-size-default\">Nos appartements<\/h2>\t\t\t\t<\/div>\n\t\t\t\t<\/div>\n\t\t\t\t<div class=\"elementor-element elementor-element-3646a17 elementor-widget elementor-widget-image\" data-id=\"3646a17\" data-element_type=\"widget\" data-e-type=\"widget\" data-widget_type=\"image.default\">\n\t\t\t\t<div class=\"elementor-widget-container\">\n\t\t\t\t\t\t\t\t\t\t\t\t\t\t\t<img decoding=\"async\" src=\"https:\/\/casaarena.eu\/wp-content\/uploads\/elementor\/thumbs\/Logo-casa-arena@4x-orv4mnt2qukh1zrxzerugvy6y2shnd7g0wcs0hvlua.png\" title=\"Logo casa arena@4x\" alt=\"Logo casa arena@4x\" loading=\"lazy\" \/>\t\t\t\t\t\t\t\t\t\t\t\t\t\t\t<\/div>\n\t\t\t\t<\/div>\n\t\t\t\t\t<\/div>\n\t\t<\/div>\n\t\t\t\t\t<\/div>\n\t\t<\/section>\n\t\t\t\t<section class=\"elementor-section elementor-top-section elementor-element elementor-element-f967673 elementor-hidden-desktop elementor-hidden-tablet elementor-section-boxed elementor-section-height-default elementor-section-height-default\" data-id=\"f967673\" data-element_type=\"section\" data-e-type=\"section\" data-settings=\"{&quot;background_background&quot;:&quot;classic&quot;}\">\n\t\t\t\t\t\t<div class=\"elementor-container elementor-column-gap-default\">\n\t\t\t\t\t<div class=\"elementor-column elementor-col-100 elementor-top-column elementor-element elementor-element-15c78b7\" data-id=\"15c78b7\" data-element_type=\"column\" data-e-type=\"column\">\n\t\t\t<div class=\"elementor-widget-wrap elementor-element-populated\">\n\t\t\t\t\t\t<div class=\"elementor-element elementor-element-32026c5 elementor-widget elementor-widget-heading\" data-id=\"32026c5\" data-element_type=\"widget\" data-e-type=\"widget\" data-widget_type=\"heading.default\">\n\t\t\t\t<div class=\"elementor-widget-container\">\n\t\t\t\t\t<span class=\"elementor-heading-title elementor-size-default\">H\u00e9bergements haut de gamme <\/span>\t\t\t\t<\/div>\n\t\t\t\t<\/div>\n\t\t\t\t<div class=\"elementor-element elementor-element-d6d0f91 elementor-widget elementor-widget-heading\" data-id=\"d6d0f91\" data-element_type=\"widget\" data-e-type=\"widget\" data-widget_type=\"heading.default\">\n\t\t\t\t<div class=\"elementor-widget-container\">\n\t\t\t\t\t<h2 class=\"elementor-heading-title elementor-size-default\">Nos appartements<\/h2>\t\t\t\t<\/div>\n\t\t\t\t<\/div>\n\t\t\t\t<div class=\"elementor-element elementor-element-67ae388 elementor-widget elementor-widget-image\" data-id=\"67ae388\" data-element_type=\"widget\" data-e-type=\"widget\" data-widget_type=\"image.default\">\n\t\t\t\t<div class=\"elementor-widget-container\">\n\t\t\t\t\t\t\t\t\t\t\t\t\t\t\t<img decoding=\"async\" src=\"https:\/\/casaarena.eu\/wp-content\/uploads\/elementor\/thumbs\/Logo-casa-arena@4x-orv4mnt2qukh1zrxzerugvy6y2shnd7g0wcs0hvlua.png\" title=\"Logo casa arena@4x\" alt=\"Logo casa arena@4x\" loading=\"lazy\" \/>\t\t\t\t\t\t\t\t\t\t\t\t\t\t\t<\/div>\n\t\t\t\t<\/div>\n\t\t\t\t\t<\/div>\n\t\t<\/div>\n\t\t\t\t\t<\/div>\n\t\t<\/section>\n\t\t\t\t<section class=\"elementor-section elementor-top-section elementor-element elementor-element-589c881a elementor-section-boxed elementor-section-height-default elementor-section-height-default\" data-id=\"589c881a\" data-element_type=\"section\" data-e-type=\"section\">\n\t\t\t\t\t\t<div class=\"elementor-container elementor-column-gap-default\">\n\t\t\t\t\t<div class=\"elementor-column elementor-col-100 elementor-top-column elementor-element elementor-element-69a6ca17\" data-id=\"69a6ca17\" data-element_type=\"column\" data-e-type=\"column\">\n\t\t\t<div class=\"elementor-widget-wrap elementor-element-populated\">\n\t\t\t\t\t\t<section class=\"elementor-section elementor-inner-section elementor-element elementor-element-4718ebb0 elementor-section-boxed elementor-section-height-default elementor-section-height-default\" data-id=\"4718ebb0\" data-element_type=\"section\" data-e-type=\"section\">\n\t\t\t\t\t\t<div class=\"elementor-container elementor-column-gap-default\">\n\t\t\t\t\t<div class=\"elementor-column elementor-col-50 elementor-inner-column elementor-element elementor-element-3a64faf6\" data-id=\"3a64faf6\" data-element_type=\"column\" data-e-type=\"column\">\n\t\t\t<div class=\"elementor-widget-wrap elementor-element-populated\">\n\t\t\t\t\t\t<div class=\"elementor-element elementor-element-692b8243 elementor-widget elementor-widget-mphbe-room\" data-id=\"692b8243\" data-element_type=\"widget\" data-e-type=\"widget\" data-widget_type=\"mphbe-room.default\">\n\t\t\t\t<div class=\"elementor-widget-container\">\n\t\t\t\t\t<div class=\"mphb_sc_room-wrapper \"><div class=\"mphb-room-type post-6972 mphb_room_type type-mphb_room_type status-publish mphb_room_type_facility-acces-independant mphb_room_type_facility-articles-de-base mphb_room_type_facility-chauffage mphb_room_type_facility-cheminee mphb_room_type_facility-cintres mphb_room_type_facility-climatisation mphb_room_type_facility-cuisiniere mphb_room_type_facility-eau-chaude mphb_room_type_facility-entree-privee mphb_room_type_facility-espace-ou-les-invites-peuvent-cuisiner mphb_room_type_facility-fer-a-repasser mphb_room_type_facility-four-a-micro-ondes mphb_room_type_facility-jardin-prive mphb_room_type_facility-machine-a-laver-avec-option-seche-linge mphb_room_type_facility-piscine-commune mphb_room_type_facility-refrigerateur mphb_room_type_facility-salle-de-bain-double mphb_room_type_facility-seche-cheveux mphb_room_type_facility-serviettes-draps-savon-et-papier-toilette mphb_room_type_facility-set-dassiettes-et-de-couverts mphb_room_type_facility-shampooing mphb_room_type_facility-smart-tv-fr mphb_room_type_facility-wi-fi-fr mphb-room-type-adults-7 mphb-room-type-children-5 has-taxes-and-fees\">\n\n\t\n\t\n\n\t<div class=\"mphb-room-type-images\">\n\t<div id='mphb-flexslider-gallery-1' class='gallery-columns-1 gallery-size-ciestra-square mphb-gallery-main-slider mphb-flexslider-gallery-wrapper mphb-room-type-gallery-wrapper mphb-gallery-main-slider-69f5f27a4b76d' data-flexslider-atts='{\"animation\":\"slide\",\"controlNav\":true,\"animationLoop\":true,\"smoothHeight\":true,\"slideshow\":false}' data-group='69f5f27a4b76d'><ul class=\"slides\"><li class='gallery-item'><span class='gallery-icon landscape'>\n\t\t\t\t<a href=\"https:\/\/casaarena.eu\/fr\/logement\/appartement-port\/\"><img loading=\"lazy\" decoding=\"async\" width=\"891\" height=\"891\" src=\"https:\/\/casaarena.eu\/wp-content\/uploads\/2020\/07\/0009491.jpg\" class=\"attachment-ciestra-square size-ciestra-square\" alt=\"\" \/><\/a>\n\t\t\t<\/span><\/li><li class='gallery-item'><span class='gallery-icon landscape'>\n\t\t\t\t<a href=\"https:\/\/casaarena.eu\/fr\/logement\/appartement-port\/\"><img loading=\"lazy\" decoding=\"async\" width=\"891\" height=\"891\" src=\"https:\/\/casaarena.eu\/wp-content\/uploads\/2020\/07\/0009457.jpg\" class=\"attachment-ciestra-square size-ciestra-square\" alt=\"\" \/><\/a>\n\t\t\t<\/span><\/li><li class='gallery-item'><span class='gallery-icon landscape'>\n\t\t\t\t<a href=\"https:\/\/casaarena.eu\/fr\/logement\/appartement-port\/\"><img loading=\"lazy\" decoding=\"async\" width=\"891\" height=\"891\" src=\"https:\/\/casaarena.eu\/wp-content\/uploads\/2020\/07\/0009524.jpg\" class=\"attachment-ciestra-square size-ciestra-square\" alt=\"\" \/><\/a>\n\t\t\t<\/span><\/li><li class='gallery-item'><span class='gallery-icon portrait'>\n\t\t\t\t<a href=\"https:\/\/casaarena.eu\/fr\/logement\/appartement-port\/\"><img loading=\"lazy\" decoding=\"async\" width=\"891\" height=\"891\" src=\"https:\/\/casaarena.eu\/wp-content\/uploads\/2020\/07\/0009537.jpg\" class=\"attachment-ciestra-square size-ciestra-square\" alt=\"\" \/><\/a>\n\t\t\t<\/span><\/li><li class='gallery-item'><span class='gallery-icon landscape'>\n\t\t\t\t<a href=\"https:\/\/casaarena.eu\/fr\/logement\/appartement-port\/\"><img loading=\"lazy\" decoding=\"async\" width=\"891\" height=\"882\" src=\"https:\/\/casaarena.eu\/wp-content\/uploads\/2020\/07\/0009545.jpg\" class=\"attachment-ciestra-square size-ciestra-square\" alt=\"\" \/><\/a>\n\t\t\t<\/span><\/li><li class='gallery-item'><span class='gallery-icon landscape'>\n\t\t\t\t<a href=\"https:\/\/casaarena.eu\/fr\/logement\/appartement-port\/\"><img loading=\"lazy\" decoding=\"async\" width=\"891\" height=\"891\" src=\"https:\/\/casaarena.eu\/wp-content\/uploads\/2020\/07\/0009550.jpg\" class=\"attachment-ciestra-square size-ciestra-square\" alt=\"\" \/><\/a>\n\t\t\t<\/span><\/li><li class='gallery-item'><span class='gallery-icon landscape'>\n\t\t\t\t<a href=\"https:\/\/casaarena.eu\/fr\/logement\/appartement-port\/\"><img loading=\"lazy\" decoding=\"async\" width=\"891\" height=\"891\" src=\"https:\/\/casaarena.eu\/wp-content\/uploads\/2020\/07\/0009560.jpg\" class=\"attachment-ciestra-square size-ciestra-square\" alt=\"\" \/><\/a>\n\t\t\t<\/span><\/li><li class='gallery-item'><span class='gallery-icon portrait'>\n\t\t\t\t<a href=\"https:\/\/casaarena.eu\/fr\/logement\/appartement-port\/\"><img loading=\"lazy\" decoding=\"async\" width=\"891\" height=\"891\" src=\"https:\/\/casaarena.eu\/wp-content\/uploads\/2020\/07\/0009274.jpg\" class=\"attachment-ciestra-square size-ciestra-square\" alt=\"\" \/><\/a>\n\t\t\t<\/span><\/li><li class='gallery-item'><span class='gallery-icon landscape'>\n\t\t\t\t<a href=\"https:\/\/casaarena.eu\/fr\/logement\/appartement-port\/\"><img loading=\"lazy\" decoding=\"async\" width=\"891\" height=\"891\" src=\"https:\/\/casaarena.eu\/wp-content\/uploads\/2020\/07\/0009288.jpg\" class=\"attachment-ciestra-square size-ciestra-square\" alt=\"\" \/><\/a>\n\t\t\t<\/span><\/li><li class='gallery-item'><span class='gallery-icon landscape'>\n\t\t\t\t<a href=\"https:\/\/casaarena.eu\/fr\/logement\/appartement-port\/\"><img loading=\"lazy\" decoding=\"async\" width=\"891\" height=\"891\" src=\"https:\/\/casaarena.eu\/wp-content\/uploads\/2020\/07\/0009312.jpg\" class=\"attachment-ciestra-square size-ciestra-square\" alt=\"\" \/><\/a>\n\t\t\t<\/span><\/li><li class='gallery-item'><span class='gallery-icon landscape'>\n\t\t\t\t<a href=\"https:\/\/casaarena.eu\/fr\/logement\/appartement-port\/\"><img loading=\"lazy\" decoding=\"async\" width=\"891\" height=\"891\" src=\"https:\/\/casaarena.eu\/wp-content\/uploads\/2020\/07\/0009343.jpg\" class=\"attachment-ciestra-square size-ciestra-square\" alt=\"\" \/><\/a>\n\t\t\t<\/span><\/li><li class='gallery-item'><span class='gallery-icon landscape'>\n\t\t\t\t<a href=\"https:\/\/casaarena.eu\/fr\/logement\/appartement-port\/\"><img loading=\"lazy\" decoding=\"async\" width=\"891\" height=\"891\" src=\"https:\/\/casaarena.eu\/wp-content\/uploads\/2020\/07\/0009377.jpg\" class=\"attachment-ciestra-square size-ciestra-square\" alt=\"\" \/><\/a>\n\t\t\t<\/span><\/li><li class='gallery-item'><span class='gallery-icon landscape'>\n\t\t\t\t<a href=\"https:\/\/casaarena.eu\/fr\/logement\/appartement-port\/\"><img loading=\"lazy\" decoding=\"async\" width=\"891\" height=\"891\" src=\"https:\/\/casaarena.eu\/wp-content\/uploads\/2020\/07\/0009401.jpg\" class=\"attachment-ciestra-square size-ciestra-square\" alt=\"\" \/><\/a>\n\t\t\t<\/span><\/li><li class='gallery-item'><span class='gallery-icon landscape'>\n\t\t\t\t<a href=\"https:\/\/casaarena.eu\/fr\/logement\/appartement-port\/\"><img loading=\"lazy\" decoding=\"async\" width=\"891\" height=\"891\" src=\"https:\/\/casaarena.eu\/wp-content\/uploads\/2020\/07\/0009407.jpg\" class=\"attachment-ciestra-square size-ciestra-square\" alt=\"\" \/><\/a>\n\t\t\t<\/span><\/li><li class='gallery-item'><span class='gallery-icon landscape'>\n\t\t\t\t<a href=\"https:\/\/casaarena.eu\/fr\/logement\/appartement-port\/\"><img loading=\"lazy\" decoding=\"async\" width=\"891\" height=\"891\" src=\"https:\/\/casaarena.eu\/wp-content\/uploads\/2020\/07\/0009423.jpg\" class=\"attachment-ciestra-square size-ciestra-square\" alt=\"\" \/><\/a>\n\t\t\t<\/span><\/li><li class='gallery-item'><span class='gallery-icon landscape'>\n\t\t\t\t<a href=\"https:\/\/casaarena.eu\/fr\/logement\/appartement-port\/\"><img loading=\"lazy\" decoding=\"async\" width=\"891\" height=\"891\" src=\"https:\/\/casaarena.eu\/wp-content\/uploads\/2020\/07\/0009607.jpg\" class=\"attachment-ciestra-square size-ciestra-square\" alt=\"\" \/><\/a>\n\t\t\t<\/span><\/li><li class='gallery-item'><span class='gallery-icon landscape'>\n\t\t\t\t<a href=\"https:\/\/casaarena.eu\/fr\/logement\/appartement-port\/\"><img loading=\"lazy\" decoding=\"async\" width=\"891\" height=\"891\" src=\"https:\/\/casaarena.eu\/wp-content\/uploads\/2020\/07\/0009598.jpg\" class=\"attachment-ciestra-square size-ciestra-square\" alt=\"\" \/><\/a>\n\t\t\t<\/span><\/li><li class='gallery-item'><span class='gallery-icon landscape'>\n\t\t\t\t<a href=\"https:\/\/casaarena.eu\/fr\/logement\/appartement-port\/\"><img loading=\"lazy\" decoding=\"async\" width=\"891\" height=\"891\" src=\"https:\/\/casaarena.eu\/wp-content\/uploads\/2020\/07\/0009664.jpg\" class=\"attachment-ciestra-square size-ciestra-square\" alt=\"\" \/><\/a>\n\t\t\t<\/span><\/li><li class='gallery-item'><span class='gallery-icon landscape'>\n\t\t\t\t<a href=\"https:\/\/casaarena.eu\/fr\/logement\/appartement-port\/\"><img loading=\"lazy\" decoding=\"async\" width=\"891\" height=\"891\" src=\"https:\/\/casaarena.eu\/wp-content\/uploads\/2020\/07\/0009701.jpg\" class=\"attachment-ciestra-square size-ciestra-square\" alt=\"\" \/><\/a>\n\t\t\t<\/span><\/li><li class='gallery-item'><span class='gallery-icon landscape'>\n\t\t\t\t<a href=\"https:\/\/casaarena.eu\/fr\/logement\/appartement-port\/\"><img loading=\"lazy\" decoding=\"async\" width=\"891\" height=\"891\" src=\"https:\/\/casaarena.eu\/wp-content\/uploads\/2020\/07\/0009708.jpg\" class=\"attachment-ciestra-square size-ciestra-square\" alt=\"\" \/><\/a>\n\t\t\t<\/span><\/li><li class='gallery-item'><span class='gallery-icon portrait'>\n\t\t\t\t<a href=\"https:\/\/casaarena.eu\/fr\/logement\/appartement-port\/\"><img loading=\"lazy\" decoding=\"async\" width=\"891\" height=\"891\" src=\"https:\/\/casaarena.eu\/wp-content\/uploads\/2020\/07\/0009713.jpg\" class=\"attachment-ciestra-square size-ciestra-square\" alt=\"\" \/><\/a>\n\t\t\t<\/span><\/li><li class='gallery-item'><span class='gallery-icon landscape'>\n\t\t\t\t<a href=\"https:\/\/casaarena.eu\/fr\/logement\/appartement-port\/\"><img loading=\"lazy\" decoding=\"async\" width=\"891\" height=\"891\" src=\"https:\/\/casaarena.eu\/wp-content\/uploads\/2020\/07\/0009715.jpg\" class=\"attachment-ciestra-square size-ciestra-square\" alt=\"\" \/><\/a>\n\t\t\t<\/span><\/li><li class='gallery-item'><span class='gallery-icon portrait'>\n\t\t\t\t<a href=\"https:\/\/casaarena.eu\/fr\/logement\/appartement-port\/\"><img loading=\"lazy\" decoding=\"async\" width=\"891\" height=\"891\" src=\"https:\/\/casaarena.eu\/wp-content\/uploads\/2020\/07\/0009777.jpg\" class=\"attachment-ciestra-square size-ciestra-square\" alt=\"\" \/><\/a>\n\t\t\t<\/span><\/li><li class='gallery-item'><span class='gallery-icon landscape'>\n\t\t\t\t<a href=\"https:\/\/casaarena.eu\/fr\/logement\/appartement-port\/\"><img loading=\"lazy\" decoding=\"async\" width=\"891\" height=\"891\" src=\"https:\/\/casaarena.eu\/wp-content\/uploads\/2020\/07\/0009751.jpg\" class=\"attachment-ciestra-square size-ciestra-square\" alt=\"\" \/><\/a>\n\t\t\t<\/span><\/li><li class='gallery-item'><span class='gallery-icon landscape'>\n\t\t\t\t<a href=\"https:\/\/casaarena.eu\/fr\/logement\/appartement-port\/\"><img loading=\"lazy\" decoding=\"async\" width=\"891\" height=\"891\" src=\"https:\/\/casaarena.eu\/wp-content\/uploads\/2020\/07\/0009759.jpg\" class=\"attachment-ciestra-square size-ciestra-square\" alt=\"\" \/><\/a>\n\t\t\t<\/span><\/li><li class='gallery-item'><span class='gallery-icon portrait'>\n\t\t\t\t<a href=\"https:\/\/casaarena.eu\/fr\/logement\/appartement-port\/\"><img loading=\"lazy\" decoding=\"async\" width=\"891\" height=\"891\" src=\"https:\/\/casaarena.eu\/wp-content\/uploads\/2020\/07\/0009765.jpg\" class=\"attachment-ciestra-square size-ciestra-square\" alt=\"\" \/><\/a>\n\t\t\t<\/span><\/li><\/ul>\n\t\t<\/div>\n\n\t<\/div>\n\n\t\n<\/div><\/div>\t\t\t\t<\/div>\n\t\t\t\t<\/div>\n\t\t\t\t<div class=\"elementor-element elementor-element-6ab48b19 elementor-widget elementor-widget-text-editor\" data-id=\"6ab48b19\" data-element_type=\"widget\" data-e-type=\"widget\" data-widget_type=\"text-editor.default\">\n\t\t\t\t<div class=\"elementor-widget-container\">\n\t\t\t\t\t\t\t\t\t<h2>Appartement Port<\/h2>\n\t\t\t\t\t\t\t\t<\/div>\n\t\t\t\t<\/div>\n\t\t\t\t<div class=\"elementor-element elementor-element-2d09c8a elementor-widget elementor-widget-text-editor\" data-id=\"2d09c8a\" data-element_type=\"widget\" data-e-type=\"widget\" data-widget_type=\"text-editor.default\">\n\t\t\t\t<div class=\"elementor-widget-container\">\n\t\t\t\t\t\t\t\t\t<h5><span style=\"color: #333333;\">Llan\u00e7\u00e0, Cap de Creus<\/span><\/h5>\n\t\t\t\t\t\t\t\t<\/div>\n\t\t\t\t<\/div>\n\t\t\t\t<div class=\"elementor-element elementor-element-b4dfaf8 elementor-widget elementor-widget-text-editor\" data-id=\"b4dfaf8\" data-element_type=\"widget\" data-e-type=\"widget\" data-widget_type=\"text-editor.default\">\n\t\t\t\t<div class=\"elementor-widget-container\">\n\t\t\t\t\t\t\t\t\t<div class=\"elementor-element elementor-element-4185023 elementor-widget elementor-widget-text-editor\" data-id=\"4185023\" data-element_type=\"widget\" data-widget_type=\"text-editor.default\">\n<div class=\"elementor-widget-container\">\n<div class=\"elementor-text-editor elementor-clearfix\">\n<div class=\"elementor-element elementor-element-a49bd8c elementor-widget elementor-widget-text-editor\" data-id=\"a49bd8c\" data-element_type=\"widget\" data-widget_type=\"text-editor.default\">\n<div class=\"elementor-widget-container\">\n<div class=\"elementor-text-editor elementor-clearfix\">\n<div class=\"elementor-element elementor-element-82bb69a elementor-widget elementor-widget-text-editor\" data-id=\"82bb69a\" data-element_type=\"widget\" data-widget_type=\"text-editor.default\">\n<div class=\"elementor-widget-container\">\n<div class=\"elementor-text-editor elementor-clearfix\">\n<p><strong>Appartement familial de deux chambres \u00e0 Llan\u00e7\u00e0.<\/strong> Situ\u00e9 en front de mer. Jardin priv\u00e9 et piscine commune. Duplex<em> prime<\/em> confortable, moderne et r\u00e9cemment r\u00e9nov\u00e9 avec soin et d\u00e9tail. Vous y trouverez toutes les installations n\u00e9cessaires pour profiter de journ\u00e9es de repos inoubliables.<\/p>\n<\/div>\n<\/div>\n<\/div>\n<\/div>\n<\/div>\n<\/div>\n<\/div>\n<\/div>\n<\/div>\n\t\t\t\t\t\t\t\t<\/div>\n\t\t\t\t<\/div>\n\t\t\t\t<div class=\"elementor-element elementor-element-5799e01 elementor-widget elementor-widget-mphbe-room\" data-id=\"5799e01\" data-element_type=\"widget\" data-e-type=\"widget\" data-widget_type=\"mphbe-room.default\">\n\t\t\t\t<div class=\"elementor-widget-container\">\n\t\t\t\t\t<div class=\"mphb_sc_room-wrapper \"><div class=\"mphb-room-type post-6972 mphb_room_type type-mphb_room_type status-publish mphb_room_type_facility-acces-independant mphb_room_type_facility-articles-de-base mphb_room_type_facility-chauffage mphb_room_type_facility-cheminee mphb_room_type_facility-cintres mphb_room_type_facility-climatisation mphb_room_type_facility-cuisiniere mphb_room_type_facility-eau-chaude mphb_room_type_facility-entree-privee mphb_room_type_facility-espace-ou-les-invites-peuvent-cuisiner mphb_room_type_facility-fer-a-repasser mphb_room_type_facility-four-a-micro-ondes mphb_room_type_facility-jardin-prive mphb_room_type_facility-machine-a-laver-avec-option-seche-linge mphb_room_type_facility-piscine-commune mphb_room_type_facility-refrigerateur mphb_room_type_facility-salle-de-bain-double mphb_room_type_facility-seche-cheveux mphb_room_type_facility-serviettes-draps-savon-et-papier-toilette mphb_room_type_facility-set-dassiettes-et-de-couverts mphb_room_type_facility-shampooing mphb_room_type_facility-smart-tv-fr mphb_room_type_facility-wi-fi-fr mphb-room-type-adults-7 mphb-room-type-children-5 has-taxes-and-fees\">\n\n\t\n\t\n<p class=\"mphb-view-details-button-wrapper\">\n<a class=\"button mphb-view-details-button\" href=\"https:\/\/casaarena.eu\/fr\/logement\/appartement-port\/\" >Voir les d\u00e9tails<\/a>\n<\/p>\n\t\n<\/div><\/div>\t\t\t\t<\/div>\n\t\t\t\t<\/div>\n\t\t\t\t\t<\/div>\n\t\t<\/div>\n\t\t\t\t<div class=\"elementor-column elementor-col-50 elementor-inner-column elementor-element elementor-element-42d41a20\" data-id=\"42d41a20\" data-element_type=\"column\" data-e-type=\"column\">\n\t\t\t<div class=\"elementor-widget-wrap elementor-element-populated\">\n\t\t\t\t\t\t<div class=\"elementor-element elementor-element-193d8de8 elementor-widget elementor-widget-mphbe-room\" data-id=\"193d8de8\" data-element_type=\"widget\" data-e-type=\"widget\" data-widget_type=\"mphbe-room.default\">\n\t\t\t\t<div class=\"elementor-widget-container\">\n\t\t\t\t\t<div class=\"mphb_sc_room-wrapper \"><div class=\"mphb-room-type post-6976 mphb_room_type type-mphb_room_type status-publish mphb_room_type_category-double-fr mphb_room_type_facility-acces-a-la-crique mphb_room_type_facility-acces-independant mphb_room_type_facility-articles-de-base mphb_room_type_facility-chauffage mphb_room_type_facility-cheminee mphb_room_type_facility-cintres mphb_room_type_facility-climatisation mphb_room_type_facility-draps mphb_room_type_facility-eau-chaude mphb_room_type_facility-entree-privee mphb_room_type_facility-espace-ou-les-invites-peuvent-cuisiner mphb_room_type_facility-four-a-micro-ondes mphb_room_type_facility-lave-vaisselle mphb_room_type_facility-machine-a-cafe-nespresso-2-capsules mphb_room_type_facility-machine-a-laver-avec-option-seche-linge mphb_room_type_facility-refrigerateur mphb_room_type_facility-seche-cheveux mphb_room_type_facility-serviettes-draps-savon-et-papier-toilette mphb_room_type_facility-set-dassiettes-et-de-couverts mphb_room_type_facility-shampooing mphb_room_type_facility-smart-tv-fr mphb_room_type_facility-wi-fi-fr mphb-room-type-adults-2 mphb-room-type-children-1 has-taxes-and-fees\">\n\n\t\n\t\n\n\t<div class=\"mphb-room-type-images\">\n\t<div id='mphb-flexslider-gallery-2' class='gallery-columns-1 gallery-size-ciestra-square mphb-gallery-main-slider mphb-flexslider-gallery-wrapper mphb-room-type-gallery-wrapper mphb-gallery-main-slider-69f5f27a57043' data-flexslider-atts='{\"animation\":\"slide\",\"controlNav\":true,\"animationLoop\":true,\"smoothHeight\":true,\"slideshow\":false}' data-group='69f5f27a57043'><ul class=\"slides\"><li class='gallery-item'><span class='gallery-icon landscape'>\n\t\t\t\t<a href=\"https:\/\/casaarena.eu\/fr\/logement\/appartement-quermanco\/\"><img loading=\"lazy\" decoding=\"async\" width=\"891\" height=\"891\" src=\"https:\/\/casaarena.eu\/wp-content\/uploads\/2020\/07\/0000003.jpg\" class=\"attachment-ciestra-square size-ciestra-square\" alt=\"\" \/><\/a>\n\t\t\t<\/span><\/li><li class='gallery-item'><span class='gallery-icon portrait'>\n\t\t\t\t<a href=\"https:\/\/casaarena.eu\/fr\/logement\/appartement-quermanco\/\"><img loading=\"lazy\" decoding=\"async\" width=\"891\" height=\"891\" src=\"https:\/\/casaarena.eu\/wp-content\/uploads\/2020\/07\/0000013.jpg\" class=\"attachment-ciestra-square size-ciestra-square\" alt=\"\" \/><\/a>\n\t\t\t<\/span><\/li><li class='gallery-item'><span class='gallery-icon landscape'>\n\t\t\t\t<a href=\"https:\/\/casaarena.eu\/fr\/logement\/appartement-quermanco\/\"><img loading=\"lazy\" decoding=\"async\" width=\"891\" height=\"891\" src=\"https:\/\/casaarena.eu\/wp-content\/uploads\/2020\/07\/0000040.jpg\" class=\"attachment-ciestra-square size-ciestra-square\" alt=\"\" \/><\/a>\n\t\t\t<\/span><\/li><li class='gallery-item'><span class='gallery-icon landscape'>\n\t\t\t\t<a href=\"https:\/\/casaarena.eu\/fr\/logement\/appartement-quermanco\/\"><img loading=\"lazy\" decoding=\"async\" width=\"891\" height=\"891\" src=\"https:\/\/casaarena.eu\/wp-content\/uploads\/2020\/07\/0000112.jpg\" class=\"attachment-ciestra-square size-ciestra-square\" alt=\"\" \/><\/a>\n\t\t\t<\/span><\/li><li class='gallery-item'><span class='gallery-icon landscape'>\n\t\t\t\t<a href=\"https:\/\/casaarena.eu\/fr\/logement\/appartement-quermanco\/\"><img loading=\"lazy\" decoding=\"async\" width=\"891\" height=\"891\" src=\"https:\/\/casaarena.eu\/wp-content\/uploads\/2020\/07\/0000172-2.jpg\" class=\"attachment-ciestra-square size-ciestra-square\" alt=\"\" \/><\/a>\n\t\t\t<\/span><\/li><li class='gallery-item'><span class='gallery-icon landscape'>\n\t\t\t\t<a href=\"https:\/\/casaarena.eu\/fr\/logement\/appartement-quermanco\/\"><img loading=\"lazy\" decoding=\"async\" width=\"891\" height=\"891\" src=\"https:\/\/casaarena.eu\/wp-content\/uploads\/2020\/07\/0000206-cortina.jpg\" class=\"attachment-ciestra-square size-ciestra-square\" alt=\"\" \/><\/a>\n\t\t\t<\/span><\/li><li class='gallery-item'><span class='gallery-icon landscape'>\n\t\t\t\t<a href=\"https:\/\/casaarena.eu\/fr\/logement\/appartement-quermanco\/\"><img loading=\"lazy\" decoding=\"async\" width=\"891\" height=\"891\" src=\"https:\/\/casaarena.eu\/wp-content\/uploads\/2020\/07\/0000206.jpg\" class=\"attachment-ciestra-square size-ciestra-square\" alt=\"\" \/><\/a>\n\t\t\t<\/span><\/li><li class='gallery-item'><span class='gallery-icon landscape'>\n\t\t\t\t<a href=\"https:\/\/casaarena.eu\/fr\/logement\/appartement-quermanco\/\"><img loading=\"lazy\" decoding=\"async\" width=\"891\" height=\"891\" src=\"https:\/\/casaarena.eu\/wp-content\/uploads\/2020\/07\/0000233.jpg\" class=\"attachment-ciestra-square size-ciestra-square\" alt=\"\" \/><\/a>\n\t\t\t<\/span><\/li><li class='gallery-item'><span class='gallery-icon landscape'>\n\t\t\t\t<a href=\"https:\/\/casaarena.eu\/fr\/logement\/appartement-quermanco\/\"><img loading=\"lazy\" decoding=\"async\" width=\"891\" height=\"891\" src=\"https:\/\/casaarena.eu\/wp-content\/uploads\/2020\/07\/0000244.jpg\" class=\"attachment-ciestra-square size-ciestra-square\" alt=\"\" \/><\/a>\n\t\t\t<\/span><\/li><li class='gallery-item'><span class='gallery-icon landscape'>\n\t\t\t\t<a href=\"https:\/\/casaarena.eu\/fr\/logement\/appartement-quermanco\/\"><img loading=\"lazy\" decoding=\"async\" width=\"891\" height=\"891\" src=\"https:\/\/casaarena.eu\/wp-content\/uploads\/2020\/07\/0000287.jpg\" class=\"attachment-ciestra-square size-ciestra-square\" alt=\"\" \/><\/a>\n\t\t\t<\/span><\/li><li class='gallery-item'><span class='gallery-icon portrait'>\n\t\t\t\t<a href=\"https:\/\/casaarena.eu\/fr\/logement\/appartement-quermanco\/\"><img loading=\"lazy\" decoding=\"async\" width=\"891\" height=\"891\" src=\"https:\/\/casaarena.eu\/wp-content\/uploads\/2020\/07\/0009803.jpg\" class=\"attachment-ciestra-square size-ciestra-square\" alt=\"\" \/><\/a>\n\t\t\t<\/span><\/li><li class='gallery-item'><span class='gallery-icon landscape'>\n\t\t\t\t<a href=\"https:\/\/casaarena.eu\/fr\/logement\/appartement-quermanco\/\"><img loading=\"lazy\" decoding=\"async\" width=\"891\" height=\"891\" src=\"https:\/\/casaarena.eu\/wp-content\/uploads\/2020\/07\/0009831.jpg\" class=\"attachment-ciestra-square size-ciestra-square\" alt=\"\" \/><\/a>\n\t\t\t<\/span><\/li><li class='gallery-item'><span class='gallery-icon landscape'>\n\t\t\t\t<a href=\"https:\/\/casaarena.eu\/fr\/logement\/appartement-quermanco\/\"><img loading=\"lazy\" decoding=\"async\" width=\"891\" height=\"891\" src=\"https:\/\/casaarena.eu\/wp-content\/uploads\/2020\/07\/0009842.jpg\" class=\"attachment-ciestra-square size-ciestra-square\" alt=\"\" \/><\/a>\n\t\t\t<\/span><\/li><li class='gallery-item'><span class='gallery-icon landscape'>\n\t\t\t\t<a href=\"https:\/\/casaarena.eu\/fr\/logement\/appartement-quermanco\/\"><img loading=\"lazy\" decoding=\"async\" width=\"891\" height=\"891\" src=\"https:\/\/casaarena.eu\/wp-content\/uploads\/2020\/07\/0009846.jpg\" class=\"attachment-ciestra-square size-ciestra-square\" alt=\"\" \/><\/a>\n\t\t\t<\/span><\/li><li class='gallery-item'><span class='gallery-icon landscape'>\n\t\t\t\t<a href=\"https:\/\/casaarena.eu\/fr\/logement\/appartement-quermanco\/\"><img loading=\"lazy\" decoding=\"async\" width=\"891\" height=\"891\" src=\"https:\/\/casaarena.eu\/wp-content\/uploads\/2020\/07\/0009876.jpg\" class=\"attachment-ciestra-square size-ciestra-square\" alt=\"\" \/><\/a>\n\t\t\t<\/span><\/li><li class='gallery-item'><span class='gallery-icon landscape'>\n\t\t\t\t<a href=\"https:\/\/casaarena.eu\/fr\/logement\/appartement-quermanco\/\"><img loading=\"lazy\" decoding=\"async\" width=\"891\" height=\"891\" src=\"https:\/\/casaarena.eu\/wp-content\/uploads\/2020\/07\/0009883.jpg\" class=\"attachment-ciestra-square size-ciestra-square\" alt=\"\" \/><\/a>\n\t\t\t<\/span><\/li><li class='gallery-item'><span class='gallery-icon landscape'>\n\t\t\t\t<a href=\"https:\/\/casaarena.eu\/fr\/logement\/appartement-quermanco\/\"><img loading=\"lazy\" decoding=\"async\" width=\"891\" height=\"891\" src=\"https:\/\/casaarena.eu\/wp-content\/uploads\/2020\/07\/0009892.jpg\" class=\"attachment-ciestra-square size-ciestra-square\" alt=\"\" \/><\/a>\n\t\t\t<\/span><\/li><li class='gallery-item'><span class='gallery-icon landscape'>\n\t\t\t\t<a href=\"https:\/\/casaarena.eu\/fr\/logement\/appartement-quermanco\/\"><img loading=\"lazy\" decoding=\"async\" width=\"891\" height=\"891\" src=\"https:\/\/casaarena.eu\/wp-content\/uploads\/2020\/07\/0009896.jpg\" class=\"attachment-ciestra-square size-ciestra-square\" alt=\"\" \/><\/a>\n\t\t\t<\/span><\/li><li class='gallery-item'><span class='gallery-icon landscape'>\n\t\t\t\t<a href=\"https:\/\/casaarena.eu\/fr\/logement\/appartement-quermanco\/\"><img loading=\"lazy\" decoding=\"async\" width=\"891\" height=\"891\" src=\"https:\/\/casaarena.eu\/wp-content\/uploads\/2020\/07\/0009908.jpg\" class=\"attachment-ciestra-square size-ciestra-square\" alt=\"\" \/><\/a>\n\t\t\t<\/span><\/li><li class='gallery-item'><span class='gallery-icon landscape'>\n\t\t\t\t<a href=\"https:\/\/casaarena.eu\/fr\/logement\/appartement-quermanco\/\"><img loading=\"lazy\" decoding=\"async\" width=\"891\" height=\"891\" src=\"https:\/\/casaarena.eu\/wp-content\/uploads\/2020\/07\/0009978.jpg\" class=\"attachment-ciestra-square size-ciestra-square\" alt=\"\" \/><\/a>\n\t\t\t<\/span><\/li><li class='gallery-item'><span class='gallery-icon landscape'>\n\t\t\t\t<a href=\"https:\/\/casaarena.eu\/fr\/logement\/appartement-quermanco\/\"><img loading=\"lazy\" decoding=\"async\" width=\"891\" height=\"891\" src=\"https:\/\/casaarena.eu\/wp-content\/uploads\/2020\/07\/0009987.jpg\" class=\"attachment-ciestra-square size-ciestra-square\" alt=\"\" \/><\/a>\n\t\t\t<\/span><\/li><\/ul>\n\t\t<\/div>\n\n\t<\/div>\n\n\t\n<\/div><\/div>\t\t\t\t<\/div>\n\t\t\t\t<\/div>\n\t\t\t\t<div class=\"elementor-element elementor-element-51848954 elementor-widget elementor-widget-text-editor\" data-id=\"51848954\" data-element_type=\"widget\" data-e-type=\"widget\" data-widget_type=\"text-editor.default\">\n\t\t\t\t<div class=\"elementor-widget-container\">\n\t\t\t\t\t\t\t\t\t<h2>Appartement Querman\u00e7\u00f3 <\/h2>\n\t\t\t\t\t\t\t\t<\/div>\n\t\t\t\t<\/div>\n\t\t\t\t<div class=\"elementor-element elementor-element-bcb9326 elementor-widget elementor-widget-text-editor\" data-id=\"bcb9326\" data-element_type=\"widget\" data-e-type=\"widget\" data-widget_type=\"text-editor.default\">\n\t\t\t\t<div class=\"elementor-widget-container\">\n\t\t\t\t\t\t\t\t\t<h5>Llan\u00e7\u00e0, Cap de Creus<\/h5>\n\t\t\t\t\t\t\t\t<\/div>\n\t\t\t\t<\/div>\n\t\t\t\t<div class=\"elementor-element elementor-element-6803a156 elementor-widget elementor-widget-text-editor\" data-id=\"6803a156\" data-element_type=\"widget\" data-e-type=\"widget\" data-widget_type=\"text-editor.default\">\n\t\t\t\t<div class=\"elementor-widget-container\">\n\t\t\t\t\t\t\t\t\t<div class=\"elementor-element elementor-element-4185023 elementor-widget elementor-widget-text-editor\" data-id=\"4185023\" data-element_type=\"widget\" data-widget_type=\"text-editor.default\">\n<div class=\"elementor-widget-container\">\n<div class=\"elementor-text-editor elementor-clearfix\">\n<div class=\"elementor-element elementor-element-a49bd8c elementor-widget elementor-widget-text-editor\" data-id=\"a49bd8c\" data-element_type=\"widget\" data-widget_type=\"text-editor.default\">\n<div class=\"elementor-widget-container\">\n<div class=\"elementor-text-editor elementor-clearfix\">\n<div class=\"elementor-element elementor-element-82bb69a elementor-widget elementor-widget-text-editor\" data-id=\"82bb69a\" data-element_type=\"widget\" data-widget_type=\"text-editor.default\">\n<div class=\"elementor-widget-container\">\n<div class=\"elementor-text-editor elementor-clearfix\">\n<p>Bel appartement<b> d&rsquo;une chambre \u00e0 Llan\u00e7\u00e0<\/b> , avec des vues spectaculaires sur la mer et une grande terrasse. Tr\u00e8s lumineux et situ\u00e9 dans un quartier r\u00e9sidentiel. Acc\u00e8s direct \u00e0 une petite crique. Moderne et accueillant, avec tous les \u00e9qupement n\u00e9cessaires pour s&rsquo;accorder un moment de repos bien m\u00e9rit\u00e9.<\/p>\n<\/div>\n<\/div>\n<\/div>\n<\/div>\n<\/div>\n<\/div>\n<\/div>\n<\/div>\n<\/div>\n\t\t\t\t\t\t\t\t<\/div>\n\t\t\t\t<\/div>\n\t\t\t\t<div class=\"elementor-element elementor-element-379ef601 elementor-widget elementor-widget-mphbe-room\" data-id=\"379ef601\" data-element_type=\"widget\" data-e-type=\"widget\" data-widget_type=\"mphbe-room.default\">\n\t\t\t\t<div class=\"elementor-widget-container\">\n\t\t\t\t\t<div class=\"mphb_sc_room-wrapper \"><div class=\"mphb-room-type post-6976 mphb_room_type type-mphb_room_type status-publish mphb_room_type_category-double-fr mphb_room_type_facility-acces-a-la-crique mphb_room_type_facility-acces-independant mphb_room_type_facility-articles-de-base mphb_room_type_facility-chauffage mphb_room_type_facility-cheminee mphb_room_type_facility-cintres mphb_room_type_facility-climatisation mphb_room_type_facility-draps mphb_room_type_facility-eau-chaude mphb_room_type_facility-entree-privee mphb_room_type_facility-espace-ou-les-invites-peuvent-cuisiner mphb_room_type_facility-four-a-micro-ondes mphb_room_type_facility-lave-vaisselle mphb_room_type_facility-machine-a-cafe-nespresso-2-capsules mphb_room_type_facility-machine-a-laver-avec-option-seche-linge mphb_room_type_facility-refrigerateur mphb_room_type_facility-seche-cheveux mphb_room_type_facility-serviettes-draps-savon-et-papier-toilette mphb_room_type_facility-set-dassiettes-et-de-couverts mphb_room_type_facility-shampooing mphb_room_type_facility-smart-tv-fr mphb_room_type_facility-wi-fi-fr mphb-room-type-adults-2 mphb-room-type-children-1 has-taxes-and-fees\">\n\n\t\n\t\n<p class=\"mphb-view-details-button-wrapper\">\n<a class=\"button mphb-view-details-button\" href=\"https:\/\/casaarena.eu\/fr\/logement\/appartement-quermanco\/\" >Voir les d\u00e9tails<\/a>\n<\/p>\n\t\n<\/div><\/div>\t\t\t\t<\/div>\n\t\t\t\t<\/div>\n\t\t\t\t\t<\/div>\n\t\t<\/div>\n\t\t\t\t\t<\/div>\n\t\t<\/section>\n\t\t\t\t<section class=\"elementor-section elementor-inner-section elementor-element elementor-element-62bfed49 elementor-section-boxed elementor-section-height-default elementor-section-height-default\" data-id=\"62bfed49\" data-element_type=\"section\" data-e-type=\"section\">\n\t\t\t\t\t\t<div class=\"elementor-container elementor-column-gap-default\">\n\t\t\t\t\t<div class=\"elementor-column elementor-col-50 elementor-inner-column elementor-element elementor-element-5a7c8411\" data-id=\"5a7c8411\" data-element_type=\"column\" data-e-type=\"column\">\n\t\t\t<div class=\"elementor-widget-wrap elementor-element-populated\">\n\t\t\t\t\t\t<div class=\"elementor-element elementor-element-1288097d elementor-widget elementor-widget-mphbe-room\" data-id=\"1288097d\" data-element_type=\"widget\" data-e-type=\"widget\" data-widget_type=\"mphbe-room.default\">\n\t\t\t\t<div class=\"elementor-widget-container\">\n\t\t\t\t\t<div class=\"mphb_sc_room-wrapper \"><div class=\"mphb-room-type post-6969 mphb_room_type type-mphb_room_type status-publish mphb_room_type_category-double-fr mphb_room_type_facility-acces-independant mphb_room_type_facility-articles-de-base mphb_room_type_facility-balcon-fr mphb_room_type_facility-cafetiere mphb_room_type_facility-chauffage mphb_room_type_facility-cheminee mphb_room_type_facility-cintres mphb_room_type_facility-climatisation mphb_room_type_facility-draps mphb_room_type_facility-eau-chaude mphb_room_type_facility-entree-privee mphb_room_type_facility-espace-ou-les-invites-peuvent-cuisiner mphb_room_type_facility-fer-a-repasser mphb_room_type_facility-four-a-micro-ondes mphb_room_type_facility-lave-vaisselle mphb_room_type_facility-machine-a-laver-avec-option-seche-linge mphb_room_type_facility-refrigerateur mphb_room_type_facility-seche-cheveux mphb_room_type_facility-serviettes-draps-savon-et-papier-toilette mphb_room_type_facility-set-dassiettes-et-de-couverts mphb_room_type_facility-shampooing mphb_room_type_facility-smart-tv-fr mphb_room_type_facility-wi-fi-fr mphb-room-type-adults-6 mphb-room-type-children-5 has-taxes-and-fees\">\n\n\t\n\t\n\n\t<div class=\"mphb-room-type-images\">\n\t<div id='mphb-flexslider-gallery-3' class='gallery-columns-1 gallery-size-ciestra-square mphb-gallery-main-slider mphb-flexslider-gallery-wrapper mphb-room-type-gallery-wrapper mphb-gallery-main-slider-69f5f27a6058d' data-flexslider-atts='{\"animation\":\"slide\",\"controlNav\":true,\"animationLoop\":true,\"smoothHeight\":true,\"slideshow\":false}' data-group='69f5f27a6058d'><ul class=\"slides\"><li class='gallery-item'><span class='gallery-icon landscape'>\n\t\t\t\t<a href=\"https:\/\/casaarena.eu\/fr\/logement\/appartement-tro\/\"><img loading=\"lazy\" decoding=\"async\" width=\"891\" height=\"891\" src=\"https:\/\/casaarena.eu\/wp-content\/uploads\/2020\/07\/Llan\u00e7a-Port-7.jpg\" class=\"attachment-ciestra-square size-ciestra-square\" alt=\"\" aria-describedby=\"mphb-flexslider-gallery-3-2957\" \/><\/a>\n\t\t\t<\/span><\/li><li class='gallery-item'><span class='gallery-icon landscape'>\n\t\t\t\t<a href=\"https:\/\/casaarena.eu\/fr\/logement\/appartement-tro\/\"><img loading=\"lazy\" decoding=\"async\" width=\"891\" height=\"891\" src=\"https:\/\/casaarena.eu\/wp-content\/uploads\/2020\/07\/Llan\u00e7a-Port-8.jpg\" class=\"attachment-ciestra-square size-ciestra-square\" alt=\"\" aria-describedby=\"mphb-flexslider-gallery-3-2961\" \/><\/a>\n\t\t\t<\/span><\/li><li class='gallery-item'><span class='gallery-icon landscape'>\n\t\t\t\t<a href=\"https:\/\/casaarena.eu\/fr\/logement\/appartement-tro\/\"><img loading=\"lazy\" decoding=\"async\" width=\"891\" height=\"887\" src=\"https:\/\/casaarena.eu\/wp-content\/uploads\/2020\/07\/Llan\u00e7a-Port-9.jpg\" class=\"attachment-ciestra-square size-ciestra-square\" alt=\"\" aria-describedby=\"mphb-flexslider-gallery-3-2965\" \/><\/a>\n\t\t\t<\/span><\/li><li class='gallery-item'><span class='gallery-icon landscape'>\n\t\t\t\t<a href=\"https:\/\/casaarena.eu\/fr\/logement\/appartement-tro\/\"><img loading=\"lazy\" decoding=\"async\" width=\"891\" height=\"891\" src=\"https:\/\/casaarena.eu\/wp-content\/uploads\/2020\/07\/Llan\u00e7a-Port-10.jpg\" class=\"attachment-ciestra-square size-ciestra-square\" alt=\"\" aria-describedby=\"mphb-flexslider-gallery-3-2969\" \/><\/a>\n\t\t\t<\/span><\/li><\/ul>\n\t\t<\/div>\n\n\t<\/div>\n\n\t\n<\/div><\/div>\t\t\t\t<\/div>\n\t\t\t\t<\/div>\n\t\t\t\t<div class=\"elementor-element elementor-element-63f1a94a elementor-widget elementor-widget-text-editor\" data-id=\"63f1a94a\" data-element_type=\"widget\" data-e-type=\"widget\" data-widget_type=\"text-editor.default\">\n\t\t\t\t<div class=\"elementor-widget-container\">\n\t\t\t\t\t\t\t\t\t<h2>Appartement Tro<\/h2>\n\t\t\t\t\t\t\t\t<\/div>\n\t\t\t\t<\/div>\n\t\t\t\t<div class=\"elementor-element elementor-element-dde33c4 elementor-widget elementor-widget-text-editor\" data-id=\"dde33c4\" data-element_type=\"widget\" data-e-type=\"widget\" data-widget_type=\"text-editor.default\">\n\t\t\t\t<div class=\"elementor-widget-container\">\n\t\t\t\t\t\t\t\t\t<h5><span style=\"color: #333333;\">Cadaqu\u00e9s, Cap de Creus<\/span><\/h5>\n\t\t\t\t\t\t\t\t<\/div>\n\t\t\t\t<\/div>\n\t\t\t\t<div class=\"elementor-element elementor-element-4323c3ac elementor-widget elementor-widget-text-editor\" data-id=\"4323c3ac\" data-element_type=\"widget\" data-e-type=\"widget\" data-widget_type=\"text-editor.default\">\n\t\t\t\t<div class=\"elementor-widget-container\">\n\t\t\t\t\t\t\t\t\t<div class=\"elementor-element elementor-element-4185023 elementor-widget elementor-widget-text-editor\" data-id=\"4185023\" data-element_type=\"widget\" data-widget_type=\"text-editor.default\">\n<div class=\"elementor-widget-container\">\n<div class=\"elementor-text-editor elementor-clearfix\">\n<div class=\"elementor-element elementor-element-a49bd8c elementor-widget elementor-widget-text-editor\" data-id=\"a49bd8c\" data-element_type=\"widget\" data-widget_type=\"text-editor.default\">\n<div class=\"elementor-widget-container\">\n<div class=\"elementor-text-editor elementor-clearfix\">\n<p><strong>Charmante maison rurale.<\/strong> Situ\u00e9 dans la vieille ville de Cadaqu\u00e9s et \u00e0 quelques m\u00e8tres de la mer. Duplex haut de gamme, confortable et moderne avec toutes les commodit\u00e9s n\u00e9cessaires.<\/p>\n<\/div>\n<\/div>\n<\/div>\n<\/div>\n<\/div>\n<\/div>\n\t\t\t\t\t\t\t\t<\/div>\n\t\t\t\t<\/div>\n\t\t\t\t<div class=\"elementor-element elementor-element-41555ee elementor-widget elementor-widget-mphbe-room\" data-id=\"41555ee\" data-element_type=\"widget\" data-e-type=\"widget\" data-widget_type=\"mphbe-room.default\">\n\t\t\t\t<div class=\"elementor-widget-container\">\n\t\t\t\t\t<div class=\"mphb_sc_room-wrapper \"><div class=\"mphb-room-type post-6969 mphb_room_type type-mphb_room_type status-publish mphb_room_type_category-double-fr mphb_room_type_facility-acces-independant mphb_room_type_facility-articles-de-base mphb_room_type_facility-balcon-fr mphb_room_type_facility-cafetiere mphb_room_type_facility-chauffage mphb_room_type_facility-cheminee mphb_room_type_facility-cintres mphb_room_type_facility-climatisation mphb_room_type_facility-draps mphb_room_type_facility-eau-chaude mphb_room_type_facility-entree-privee mphb_room_type_facility-espace-ou-les-invites-peuvent-cuisiner mphb_room_type_facility-fer-a-repasser mphb_room_type_facility-four-a-micro-ondes mphb_room_type_facility-lave-vaisselle mphb_room_type_facility-machine-a-laver-avec-option-seche-linge mphb_room_type_facility-refrigerateur mphb_room_type_facility-seche-cheveux mphb_room_type_facility-serviettes-draps-savon-et-papier-toilette mphb_room_type_facility-set-dassiettes-et-de-couverts mphb_room_type_facility-shampooing mphb_room_type_facility-smart-tv-fr mphb_room_type_facility-wi-fi-fr mphb-room-type-adults-6 mphb-room-type-children-5 has-taxes-and-fees\">\n\n\t\n\t\n<p class=\"mphb-view-details-button-wrapper\">\n<a class=\"button mphb-view-details-button\" href=\"https:\/\/casaarena.eu\/fr\/logement\/appartement-tro\/\" >Voir les d\u00e9tails<\/a>\n<\/p>\n\t\n<\/div><\/div>\t\t\t\t<\/div>\n\t\t\t\t<\/div>\n\t\t\t\t\t<\/div>\n\t\t<\/div>\n\t\t\t\t<div class=\"elementor-column elementor-col-50 elementor-inner-column elementor-element elementor-element-7b5fcdd4\" data-id=\"7b5fcdd4\" data-element_type=\"column\" data-e-type=\"column\">\n\t\t\t<div class=\"elementor-widget-wrap elementor-element-populated\">\n\t\t\t\t\t\t<div class=\"elementor-element elementor-element-d627843 elementor-arrows-position-inside elementor-widget elementor-widget-image-carousel\" data-id=\"d627843\" data-element_type=\"widget\" data-e-type=\"widget\" data-settings=\"{&quot;slides_to_show&quot;:&quot;1&quot;,&quot;navigation&quot;:&quot;arrows&quot;,&quot;autoplay&quot;:&quot;yes&quot;,&quot;pause_on_hover&quot;:&quot;yes&quot;,&quot;pause_on_interaction&quot;:&quot;yes&quot;,&quot;autoplay_speed&quot;:5000,&quot;infinite&quot;:&quot;yes&quot;,&quot;effect&quot;:&quot;slide&quot;,&quot;speed&quot;:500}\" data-widget_type=\"image-carousel.default\">\n\t\t\t\t<div class=\"elementor-widget-container\">\n\t\t\t\t\t\t\t<div class=\"elementor-image-carousel-wrapper swiper\" role=\"region\" aria-roledescription=\"carousel\" aria-label=\"Carrusel d&#039;imatges\" dir=\"ltr\">\n\t\t\t<div class=\"elementor-image-carousel swiper-wrapper\" aria-live=\"off\">\n\t\t\t\t\t\t\t\t<div class=\"swiper-slide\" role=\"group\" aria-roledescription=\"slide\" aria-label=\"1 sur 8\"><figure class=\"swiper-slide-inner\"><img decoding=\"async\" class=\"swiper-slide-image\" src=\"https:\/\/casaarena.eu\/wp-content\/uploads\/2023\/03\/suite_11-1015x1024.jpg\" alt=\"Suite quadrat\" \/><\/figure><\/div><div class=\"swiper-slide\" role=\"group\" aria-roledescription=\"slide\" aria-label=\"2 sur 8\"><figure class=\"swiper-slide-inner\"><img decoding=\"async\" class=\"swiper-slide-image\" src=\"https:\/\/casaarena.eu\/wp-content\/uploads\/2023\/03\/suite_22-1015x1024.jpg\" alt=\"Suite quadrat\" \/><\/figure><\/div><div class=\"swiper-slide\" role=\"group\" aria-roledescription=\"slide\" aria-label=\"3 sur 8\"><figure class=\"swiper-slide-inner\"><img decoding=\"async\" class=\"swiper-slide-image\" src=\"https:\/\/casaarena.eu\/wp-content\/uploads\/2023\/03\/suite_33-1015x1024.jpg\" alt=\"Suite quadrat\" \/><\/figure><\/div><div class=\"swiper-slide\" role=\"group\" aria-roledescription=\"slide\" aria-label=\"4 sur 8\"><figure class=\"swiper-slide-inner\"><img decoding=\"async\" class=\"swiper-slide-image\" src=\"https:\/\/casaarena.eu\/wp-content\/uploads\/2023\/03\/suite_44-1015x1024.jpg\" alt=\"Suite quadrat\" \/><\/figure><\/div><div class=\"swiper-slide\" role=\"group\" aria-roledescription=\"slide\" aria-label=\"5 sur 8\"><figure class=\"swiper-slide-inner\"><img decoding=\"async\" class=\"swiper-slide-image\" src=\"https:\/\/casaarena.eu\/wp-content\/uploads\/2023\/03\/suite_55-1015x1024.jpg\" alt=\"Suite quadrat\" \/><\/figure><\/div><div class=\"swiper-slide\" role=\"group\" aria-roledescription=\"slide\" aria-label=\"6 sur 8\"><figure class=\"swiper-slide-inner\"><img decoding=\"async\" class=\"swiper-slide-image\" src=\"https:\/\/casaarena.eu\/wp-content\/uploads\/2023\/03\/suite_66-1015x1024.jpg\" alt=\"Suite quadrat\" \/><\/figure><\/div><div class=\"swiper-slide\" role=\"group\" aria-roledescription=\"slide\" aria-label=\"7 sur 8\"><figure class=\"swiper-slide-inner\"><img decoding=\"async\" class=\"swiper-slide-image\" src=\"https:\/\/casaarena.eu\/wp-content\/uploads\/2023\/03\/suite_77-1015x1024.jpg\" alt=\"suite_77\" \/><\/figure><\/div><div class=\"swiper-slide\" role=\"group\" aria-roledescription=\"slide\" aria-label=\"8 sur 8\"><figure class=\"swiper-slide-inner\"><img decoding=\"async\" class=\"swiper-slide-image\" src=\"https:\/\/casaarena.eu\/wp-content\/uploads\/2023\/03\/suite_88-1015x1024.jpg\" alt=\"suite_88\" \/><\/figure><\/div>\t\t\t<\/div>\n\t\t\t\t\t\t\t\t\t\t\t\t<div class=\"elementor-swiper-button elementor-swiper-button-prev\" role=\"button\" tabindex=\"0\">\n\t\t\t\t\t\t<i aria-hidden=\"true\" class=\"eicon-chevron-left\"><\/i>\t\t\t\t\t<\/div>\n\t\t\t\t\t<div class=\"elementor-swiper-button elementor-swiper-button-next\" role=\"button\" tabindex=\"0\">\n\t\t\t\t\t\t<i aria-hidden=\"true\" class=\"eicon-chevron-right\"><\/i>\t\t\t\t\t<\/div>\n\t\t\t\t\n\t\t\t\t\t\t\t\t\t<\/div>\n\t\t\t\t\t\t<\/div>\n\t\t\t\t<\/div>\n\t\t\t\t<div class=\"elementor-element elementor-element-60a9528d elementor-widget elementor-widget-text-editor\" data-id=\"60a9528d\" data-element_type=\"widget\" data-e-type=\"widget\" data-widget_type=\"text-editor.default\">\n\t\t\t\t<div class=\"elementor-widget-container\">\n\t\t\t\t\t\t\t\t\t<h2>Appartement Suite Cadaqu\u00e9s<\/h2>\t\t\t\t\t\t\t\t<\/div>\n\t\t\t\t<\/div>\n\t\t\t\t<div class=\"elementor-element elementor-element-bd75c8a elementor-widget elementor-widget-text-editor\" data-id=\"bd75c8a\" data-element_type=\"widget\" data-e-type=\"widget\" data-widget_type=\"text-editor.default\">\n\t\t\t\t<div class=\"elementor-widget-container\">\n\t\t\t\t\t\t\t\t\t<h5><span style=\"color: #333333;\">Cadaqu\u00e9s, Cap de Creus<\/span><\/h5>\n\t\t\t\t\t\t\t\t<\/div>\n\t\t\t\t<\/div>\n\t\t\t\t<div class=\"elementor-element elementor-element-473c8c28 elementor-widget elementor-widget-text-editor\" data-id=\"473c8c28\" data-element_type=\"widget\" data-e-type=\"widget\" data-widget_type=\"text-editor.default\">\n\t\t\t\t<div class=\"elementor-widget-container\">\n\t\t\t\t\t\t\t\t\t<div class=\"elementor-element elementor-element-4185023 elementor-widget elementor-widget-text-editor\" data-id=\"4185023\" data-element_type=\"widget\" data-widget_type=\"text-editor.default\">\n<div class=\"elementor-widget-container\">\n<div class=\"elementor-text-editor elementor-clearfix\">\n<p>Un <strong><em>loft<\/em> exclusif et avec beaucoup de charme<\/strong>, au milieu de la vieille ville de Cadaqu\u00e9s et \u00e0 quelques m\u00e8tres de la mer. Un espace <em>premium<\/em>, soigneusement r\u00e9nov\u00e9 et tous les \u00e9quipements pour profiter de journ\u00e9es inoubliables.<\/p>\n<\/div>\n<\/div>\n<\/div>\n\t\t\t\t\t\t\t\t<\/div>\n\t\t\t\t<\/div>\n\t\t\t\t<div class=\"elementor-element elementor-element-1165969e elementor-widget elementor-widget-mphbe-room\" data-id=\"1165969e\" data-element_type=\"widget\" data-e-type=\"widget\" data-widget_type=\"mphbe-room.default\">\n\t\t\t\t<div class=\"elementor-widget-container\">\n\t\t\t\t\t<div class=\"mphb_sc_room-wrapper \"><div class=\"mphb-room-type post-6948 mphb_room_type type-mphb_room_type status-publish mphb_room_type_category-double-fr mphb_room_type_facility-acces-independant mphb_room_type_facility-articles-de-base mphb_room_type_facility-chauffage mphb_room_type_facility-cintres mphb_room_type_facility-climatisation mphb_room_type_facility-eau-chaude mphb_room_type_facility-entree-privee mphb_room_type_facility-espace-ou-les-invites-peuvent-cuisiner mphb_room_type_facility-fer-a-repasser mphb_room_type_facility-four-a-micro-ondes mphb_room_type_facility-lave-vaisselle mphb_room_type_facility-machine-a-cafe-nespresso-2-capsules mphb_room_type_facility-machine-a-laver-avec-option-seche-linge mphb_room_type_facility-refrigerateur mphb_room_type_facility-seche-cheveux mphb_room_type_facility-serviettes-draps-savon-et-papier-toilette mphb_room_type_facility-set-dassiettes-et-de-couverts mphb_room_type_facility-shampooing mphb_room_type_facility-smart-tv-fr mphb_room_type_facility-wi-fi-fr mphb-room-type-adults-2 mphb-room-type-children-1 has-taxes-and-fees\">\n\n\t\n\t\n<p class=\"mphb-view-details-button-wrapper\">\n<a class=\"button mphb-view-details-button\" href=\"https:\/\/casaarena.eu\/fr\/logement\/appartement-suite-cadaques\/\" >Voir les d\u00e9tails<\/a>\n<\/p>\n\t\n<\/div><\/div>\t\t\t\t<\/div>\n\t\t\t\t<\/div>\n\t\t\t\t\t<\/div>\n\t\t<\/div>\n\t\t\t\t\t<\/div>\n\t\t<\/section>\n\t\t\t\t<section class=\"elementor-section elementor-inner-section elementor-element elementor-element-18d3d242 elementor-section-boxed elementor-section-height-default elementor-section-height-default\" data-id=\"18d3d242\" data-element_type=\"section\" data-e-type=\"section\">\n\t\t\t\t\t\t<div class=\"elementor-container elementor-column-gap-default\">\n\t\t\t\t\t<div class=\"elementor-column elementor-col-50 elementor-inner-column elementor-element elementor-element-129161f7\" data-id=\"129161f7\" data-element_type=\"column\" data-e-type=\"column\">\n\t\t\t<div class=\"elementor-widget-wrap elementor-element-populated\">\n\t\t\t\t\t\t<div class=\"elementor-element elementor-element-c326634 elementor-widget elementor-widget-mphbe-room\" data-id=\"c326634\" data-element_type=\"widget\" data-e-type=\"widget\" data-widget_type=\"mphbe-room.default\">\n\t\t\t\t<div class=\"elementor-widget-container\">\n\t\t\t\t\t<div class=\"mphb_sc_room-wrapper \"><div class=\"mphb-room-type post-6979 mphb_room_type type-mphb_room_type status-publish mphb_room_type_facility-acces-independant mphb_room_type_facility-articles-de-base mphb_room_type_facility-chauffage mphb_room_type_facility-cintres mphb_room_type_facility-climatisation mphb_room_type_facility-eau-chaude mphb_room_type_facility-entree-privee mphb_room_type_facility-espace-ou-les-invites-peuvent-cuisiner mphb_room_type_facility-fer-a-repasser mphb_room_type_facility-four-a-micro-ondes mphb_room_type_facility-lave-vaisselle mphb_room_type_facility-machine-a-cafe-nespresso-2-capsules mphb_room_type_facility-machine-a-laver mphb_room_type_facility-refrigerateur mphb_room_type_facility-seche-cheveux mphb_room_type_facility-serviettes-draps-savon-et-papier-toilette mphb_room_type_facility-set-dassiettes-et-de-couverts mphb_room_type_facility-shampooing mphb_room_type_facility-smart-tv-fr mphb-room-type-adults-5 mphb-room-type-children-4 has-taxes-and-fees\">\n\n\t\n\t\n\n\t<div class=\"mphb-room-type-images\">\n\t<div id='mphb-flexslider-gallery-4' class='gallery-columns-1 gallery-size-ciestra-square mphb-gallery-main-slider mphb-flexslider-gallery-wrapper mphb-room-type-gallery-wrapper mphb-gallery-main-slider-69f5f27a6d132' data-flexslider-atts='{\"animation\":\"slide\",\"controlNav\":true,\"animationLoop\":true,\"smoothHeight\":true,\"slideshow\":false}' data-group='69f5f27a6d132'><ul class=\"slides\"><li class='gallery-item'><span class='gallery-icon landscape'>\n\t\t\t\t<a href=\"https:\/\/casaarena.eu\/fr\/logement\/appartement-bramant\/\"><img loading=\"lazy\" decoding=\"async\" width=\"891\" height=\"891\" src=\"https:\/\/casaarena.eu\/wp-content\/uploads\/2020\/07\/WhatsApp-Image-2021-09-08-at-19.49.57-2.jpeg\" class=\"attachment-ciestra-square size-ciestra-square\" alt=\"\" \/><\/a>\n\t\t\t<\/span><\/li><li class='gallery-item'><span class='gallery-icon landscape'>\n\t\t\t\t<a href=\"https:\/\/casaarena.eu\/fr\/logement\/appartement-bramant\/\"><img loading=\"lazy\" decoding=\"async\" width=\"891\" height=\"891\" src=\"https:\/\/casaarena.eu\/wp-content\/uploads\/2020\/07\/WhatsApp-Image-2021-09-08-at-19.49.57.jpeg\" class=\"attachment-ciestra-square size-ciestra-square\" alt=\"\" aria-describedby=\"mphb-flexslider-gallery-4-6364\" \/><\/a>\n\t\t\t<\/span><\/li><li class='gallery-item'><span class='gallery-icon landscape'>\n\t\t\t\t<a href=\"https:\/\/casaarena.eu\/fr\/logement\/appartement-bramant\/\"><img loading=\"lazy\" decoding=\"async\" width=\"891\" height=\"891\" src=\"https:\/\/casaarena.eu\/wp-content\/uploads\/2020\/07\/WhatsApp-Image-2021-09-08-at-19.49.58.jpeg\" class=\"attachment-ciestra-square size-ciestra-square\" alt=\"\" aria-describedby=\"mphb-flexslider-gallery-4-6372\" \/><\/a>\n\t\t\t<\/span><\/li><li class='gallery-item'><span class='gallery-icon landscape'>\n\t\t\t\t<a href=\"https:\/\/casaarena.eu\/fr\/logement\/appartement-bramant\/\"><img loading=\"lazy\" decoding=\"async\" width=\"891\" height=\"891\" src=\"https:\/\/casaarena.eu\/wp-content\/uploads\/2020\/07\/WhatsApp-Image-2021-09-08-at-19.49.59-2.jpeg\" class=\"attachment-ciestra-square size-ciestra-square\" alt=\"\" aria-describedby=\"mphb-flexslider-gallery-4-6380\" \/><\/a>\n\t\t\t<\/span><\/li><li class='gallery-item'><span class='gallery-icon landscape'>\n\t\t\t\t<a href=\"https:\/\/casaarena.eu\/fr\/logement\/appartement-bramant\/\"><img loading=\"lazy\" decoding=\"async\" width=\"891\" height=\"891\" src=\"https:\/\/casaarena.eu\/wp-content\/uploads\/2020\/07\/WhatsApp-Image-2021-09-08-at-19.49.59.jpeg\" class=\"attachment-ciestra-square size-ciestra-square\" alt=\"\" \/><\/a>\n\t\t\t<\/span><\/li><li class='gallery-item'><span class='gallery-icon landscape'>\n\t\t\t\t<a href=\"https:\/\/casaarena.eu\/fr\/logement\/appartement-bramant\/\"><img loading=\"lazy\" decoding=\"async\" width=\"891\" height=\"891\" src=\"https:\/\/casaarena.eu\/wp-content\/uploads\/2020\/07\/WhatsApp-Image-2021-09-08-at-19.50.00.jpeg\" class=\"attachment-ciestra-square size-ciestra-square\" alt=\"\" \/><\/a>\n\t\t\t<\/span><\/li><li class='gallery-item'><span class='gallery-icon landscape'>\n\t\t\t\t<a href=\"https:\/\/casaarena.eu\/fr\/logement\/appartement-bramant\/\"><img loading=\"lazy\" decoding=\"async\" width=\"891\" height=\"891\" src=\"https:\/\/casaarena.eu\/wp-content\/uploads\/2020\/07\/WhatsApp-Image-2021-09-08-at-19.50.01-1.jpeg\" class=\"attachment-ciestra-square size-ciestra-square\" alt=\"\" \/><\/a>\n\t\t\t<\/span><\/li><li class='gallery-item'><span class='gallery-icon landscape'>\n\t\t\t\t<a href=\"https:\/\/casaarena.eu\/fr\/logement\/appartement-bramant\/\"><img loading=\"lazy\" decoding=\"async\" width=\"891\" height=\"891\" src=\"https:\/\/casaarena.eu\/wp-content\/uploads\/2020\/07\/WhatsApp-Image-2021-09-08-at-19.50.01-2.jpeg\" class=\"attachment-ciestra-square size-ciestra-square\" alt=\"\" aria-describedby=\"mphb-flexslider-gallery-4-6396\" \/><\/a>\n\t\t\t<\/span><\/li><li class='gallery-item'><span class='gallery-icon landscape'>\n\t\t\t\t<a href=\"https:\/\/casaarena.eu\/fr\/logement\/appartement-bramant\/\"><img loading=\"lazy\" decoding=\"async\" width=\"891\" height=\"891\" src=\"https:\/\/casaarena.eu\/wp-content\/uploads\/2020\/07\/WhatsApp-Image-2021-09-08-at-19.50.01.jpeg\" class=\"attachment-ciestra-square size-ciestra-square\" alt=\"\" aria-describedby=\"mphb-flexslider-gallery-4-6400\" \/><\/a>\n\t\t\t<\/span><\/li><li class='gallery-item'><span class='gallery-icon landscape'>\n\t\t\t\t<a href=\"https:\/\/casaarena.eu\/fr\/logement\/appartement-bramant\/\"><img loading=\"lazy\" decoding=\"async\" width=\"891\" height=\"891\" src=\"https:\/\/casaarena.eu\/wp-content\/uploads\/2020\/07\/WhatsApp-Image-2021-09-09-at-17.45.30.jpeg\" class=\"attachment-ciestra-square size-ciestra-square\" alt=\"\" aria-describedby=\"mphb-flexslider-gallery-4-6404\" \/><\/a>\n\t\t\t<\/span><\/li><li class='gallery-item'><span class='gallery-icon landscape'>\n\t\t\t\t<a href=\"https:\/\/casaarena.eu\/fr\/logement\/appartement-bramant\/\"><img loading=\"lazy\" decoding=\"async\" width=\"891\" height=\"891\" src=\"https:\/\/casaarena.eu\/wp-content\/uploads\/2020\/07\/Whatsdsdpp-Image-2021-09-09-at-17.45.30.jpeg\" class=\"attachment-ciestra-square size-ciestra-square\" alt=\"\" \/><\/a>\n\t\t\t<\/span><\/li><li class='gallery-item'><span class='gallery-icon landscape'>\n\t\t\t\t<a href=\"https:\/\/casaarena.eu\/fr\/logement\/appartement-bramant\/\"><img loading=\"lazy\" decoding=\"async\" width=\"891\" height=\"891\" src=\"https:\/\/casaarena.eu\/wp-content\/uploads\/2020\/07\/WhatsApp-Image-2021-09-08-at-19.49.57-1.jpeg\" class=\"attachment-ciestra-square size-ciestra-square\" alt=\"\" aria-describedby=\"mphb-flexslider-gallery-4-6356\" \/><\/a>\n\t\t\t<\/span><\/li><\/ul>\n\t\t<\/div>\n\n\t<\/div>\n\n\t\n<\/div><\/div>\t\t\t\t<\/div>\n\t\t\t\t<\/div>\n\t\t\t\t<div class=\"elementor-element elementor-element-28e2dd7 elementor-widget elementor-widget-text-editor\" data-id=\"28e2dd7\" data-element_type=\"widget\" data-e-type=\"widget\" data-widget_type=\"text-editor.default\">\n\t\t\t\t<div class=\"elementor-widget-container\">\n\t\t\t\t\t\t\t\t\t<h2>Appartement Bramant<\/h2>\n\t\t\t\t\t\t\t\t<\/div>\n\t\t\t\t<\/div>\n\t\t\t\t<div class=\"elementor-element elementor-element-00bee80 elementor-widget elementor-widget-text-editor\" data-id=\"00bee80\" data-element_type=\"widget\" data-e-type=\"widget\" data-widget_type=\"text-editor.default\">\n\t\t\t\t<div class=\"elementor-widget-container\">\n\t\t\t\t\t\t\t\t\t<h5>Llan\u00e7\u00e0, Cap de Creus<\/h5>\n\t\t\t\t\t\t\t\t<\/div>\n\t\t\t\t<\/div>\n\t\t\t\t<div class=\"elementor-element elementor-element-4abf7230 elementor-widget elementor-widget-text-editor\" data-id=\"4abf7230\" data-element_type=\"widget\" data-e-type=\"widget\" data-widget_type=\"text-editor.default\">\n\t\t\t\t<div class=\"elementor-widget-container\">\n\t\t\t\t\t\t\t\t\t<div class=\"elementor-element elementor-element-4185023 elementor-widget elementor-widget-text-editor\" data-id=\"4185023\" data-element_type=\"widget\" data-widget_type=\"text-editor.default\">\n<div class=\"elementor-widget-container\">\n<div class=\"elementor-text-editor elementor-clearfix\">\n<div class=\"elementor-element elementor-element-a49bd8c elementor-widget elementor-widget-text-editor\" data-id=\"a49bd8c\" data-element_type=\"widget\" data-widget_type=\"text-editor.default\">\n<div class=\"elementor-widget-container\">\n<div class=\"elementor-text-editor elementor-clearfix\">\n<p>Un<strong> appartement <em>premium<\/em> de deux chambres \u00e0 Llan\u00e7\u00e0<\/strong>. Vue sur la mer. Situ\u00e9 dans un quartier r\u00e9sidentiel du village et \u00e0 quelques m\u00e8tres de la plage. Confortable et soigneusement r\u00e9nov\u00e9.<\/p>\n<\/div>\n<\/div>\n<\/div>\n<\/div>\n<\/div>\n<\/div>\n\t\t\t\t\t\t\t\t<\/div>\n\t\t\t\t<\/div>\n\t\t\t\t<div class=\"elementor-element elementor-element-3173840c elementor-widget elementor-widget-mphbe-room\" data-id=\"3173840c\" data-element_type=\"widget\" data-e-type=\"widget\" data-widget_type=\"mphbe-room.default\">\n\t\t\t\t<div class=\"elementor-widget-container\">\n\t\t\t\t\t<div class=\"mphb_sc_room-wrapper \"><div class=\"mphb-room-type post-6979 mphb_room_type type-mphb_room_type status-publish mphb_room_type_facility-acces-independant mphb_room_type_facility-articles-de-base mphb_room_type_facility-chauffage mphb_room_type_facility-cintres mphb_room_type_facility-climatisation mphb_room_type_facility-eau-chaude mphb_room_type_facility-entree-privee mphb_room_type_facility-espace-ou-les-invites-peuvent-cuisiner mphb_room_type_facility-fer-a-repasser mphb_room_type_facility-four-a-micro-ondes mphb_room_type_facility-lave-vaisselle mphb_room_type_facility-machine-a-cafe-nespresso-2-capsules mphb_room_type_facility-machine-a-laver mphb_room_type_facility-refrigerateur mphb_room_type_facility-seche-cheveux mphb_room_type_facility-serviettes-draps-savon-et-papier-toilette mphb_room_type_facility-set-dassiettes-et-de-couverts mphb_room_type_facility-shampooing mphb_room_type_facility-smart-tv-fr mphb-room-type-adults-5 mphb-room-type-children-4 has-taxes-and-fees\">\n\n\t\n\t\n<p class=\"mphb-view-details-button-wrapper\">\n<a class=\"button mphb-view-details-button\" href=\"https:\/\/casaarena.eu\/fr\/logement\/appartement-bramant\/\" >Voir les d\u00e9tails<\/a>\n<\/p>\n\t\n<\/div><\/div>\t\t\t\t<\/div>\n\t\t\t\t<\/div>\n\t\t\t\t\t<\/div>\n\t\t<\/div>\n\t\t\t\t<div class=\"elementor-column elementor-col-50 elementor-inner-column elementor-element elementor-element-7182aa61\" data-id=\"7182aa61\" data-element_type=\"column\" data-e-type=\"column\">\n\t\t\t<div class=\"elementor-widget-wrap elementor-element-populated\">\n\t\t\t\t\t\t<div class=\"elementor-element elementor-element-49e45e1 elementor-widget elementor-widget-mphbe-room\" data-id=\"49e45e1\" data-element_type=\"widget\" data-e-type=\"widget\" data-widget_type=\"mphbe-room.default\">\n\t\t\t\t<div class=\"elementor-widget-container\">\n\t\t\t\t\t<div class=\"mphb_sc_room-wrapper \"><div class=\"mphb-room-type post-13595 mphb_room_type type-mphb_room_type status-publish mphb_room_type_facility-acces-independant mphb_room_type_facility-articles-de-base mphb_room_type_facility-chauffage mphb_room_type_facility-cintres mphb_room_type_facility-climatisation mphb_room_type_facility-eau-chaude mphb_room_type_facility-entree-privee mphb_room_type_facility-espace-ou-les-invites-peuvent-cuisiner mphb_room_type_facility-fer-a-repasser mphb_room_type_facility-four-a-micro-ondes mphb_room_type_facility-lave-vaisselle mphb_room_type_facility-machine-a-cafe-nespresso-2-capsules mphb_room_type_facility-machine-a-laver mphb_room_type_facility-refrigerateur mphb_room_type_facility-seche-cheveux mphb_room_type_facility-serviettes-draps-savon-et-papier-toilette mphb_room_type_facility-set-dassiettes-et-de-couverts mphb_room_type_facility-shampooing mphb_room_type_facility-smart-tv-fr mphb-room-type-adults-6 mphb-room-type-children-4 has-taxes-and-fees\">\n\n\t\n\t\n\n\t<div class=\"mphb-room-type-images\">\n\t<div id='mphb-flexslider-gallery-5' class='gallery-columns-1 gallery-size-ciestra-square mphb-gallery-main-slider mphb-flexslider-gallery-wrapper mphb-room-type-gallery-wrapper mphb-gallery-main-slider-69f5f27a766e7' data-flexslider-atts='{\"animation\":\"slide\",\"controlNav\":true,\"animationLoop\":true,\"smoothHeight\":true,\"slideshow\":false}' data-group='69f5f27a766e7'><ul class=\"slides\"><li class='gallery-item'><span class='gallery-icon landscape'>\n\t\t\t\t<a href=\"https:\/\/casaarena.eu\/fr\/logement\/appartement-albera\/\"><img loading=\"lazy\" decoding=\"async\" width=\"800\" height=\"799\" src=\"https:\/\/casaarena.eu\/wp-content\/uploads\/2025\/02\/Albera-menjador-1-1.jpg\" class=\"attachment-ciestra-square size-ciestra-square\" alt=\"\" \/><\/a>\n\t\t\t<\/span><\/li><li class='gallery-item'><span class='gallery-icon landscape'>\n\t\t\t\t<a href=\"https:\/\/casaarena.eu\/fr\/logement\/appartement-albera\/\"><img loading=\"lazy\" decoding=\"async\" width=\"800\" height=\"799\" src=\"https:\/\/casaarena.eu\/wp-content\/uploads\/2025\/02\/Albera-suite-2.jpg\" class=\"attachment-ciestra-square size-ciestra-square\" alt=\"\" \/><\/a>\n\t\t\t<\/span><\/li><li class='gallery-item'><span class='gallery-icon landscape'>\n\t\t\t\t<a href=\"https:\/\/casaarena.eu\/fr\/logement\/appartement-albera\/\"><img loading=\"lazy\" decoding=\"async\" width=\"800\" height=\"799\" src=\"https:\/\/casaarena.eu\/wp-content\/uploads\/2025\/02\/Albera-suite-3.jpg\" class=\"attachment-ciestra-square size-ciestra-square\" alt=\"\" \/><\/a>\n\t\t\t<\/span><\/li><li class='gallery-item'><span class='gallery-icon landscape'>\n\t\t\t\t<a href=\"https:\/\/casaarena.eu\/fr\/logement\/appartement-albera\/\"><img loading=\"lazy\" decoding=\"async\" width=\"800\" height=\"799\" src=\"https:\/\/casaarena.eu\/wp-content\/uploads\/2025\/02\/Albera-suite-1.jpg\" class=\"attachment-ciestra-square size-ciestra-square\" alt=\"\" \/><\/a>\n\t\t\t<\/span><\/li><li class='gallery-item'><span class='gallery-icon landscape'>\n\t\t\t\t<a href=\"https:\/\/casaarena.eu\/fr\/logement\/appartement-albera\/\"><img loading=\"lazy\" decoding=\"async\" width=\"800\" height=\"799\" src=\"https:\/\/casaarena.eu\/wp-content\/uploads\/2025\/02\/Albera-lliteres-2.jpg\" class=\"attachment-ciestra-square size-ciestra-square\" alt=\"\" \/><\/a>\n\t\t\t<\/span><\/li><li class='gallery-item'><span class='gallery-icon landscape'>\n\t\t\t\t<a href=\"https:\/\/casaarena.eu\/fr\/logement\/appartement-albera\/\"><img loading=\"lazy\" decoding=\"async\" width=\"800\" height=\"799\" src=\"https:\/\/casaarena.eu\/wp-content\/uploads\/2025\/02\/Albera-lliteres-1.jpg\" class=\"attachment-ciestra-square size-ciestra-square\" alt=\"\" \/><\/a>\n\t\t\t<\/span><\/li><li class='gallery-item'><span class='gallery-icon landscape'>\n\t\t\t\t<a href=\"https:\/\/casaarena.eu\/fr\/logement\/appartement-albera\/\"><img loading=\"lazy\" decoding=\"async\" width=\"800\" height=\"799\" src=\"https:\/\/casaarena.eu\/wp-content\/uploads\/2025\/02\/Albera-hab-3.jpg\" class=\"attachment-ciestra-square size-ciestra-square\" alt=\"\" \/><\/a>\n\t\t\t<\/span><\/li><li class='gallery-item'><span class='gallery-icon landscape'>\n\t\t\t\t<a href=\"https:\/\/casaarena.eu\/fr\/logement\/appartement-albera\/\"><img loading=\"lazy\" decoding=\"async\" width=\"800\" height=\"799\" src=\"https:\/\/casaarena.eu\/wp-content\/uploads\/2025\/02\/Albera-hab-2.jpg\" class=\"attachment-ciestra-square size-ciestra-square\" alt=\"\" \/><\/a>\n\t\t\t<\/span><\/li><li class='gallery-item'><span class='gallery-icon landscape'>\n\t\t\t\t<a href=\"https:\/\/casaarena.eu\/fr\/logement\/appartement-albera\/\"><img loading=\"lazy\" decoding=\"async\" width=\"800\" height=\"799\" src=\"https:\/\/casaarena.eu\/wp-content\/uploads\/2025\/02\/Albera-hab-1.jpg\" class=\"attachment-ciestra-square size-ciestra-square\" alt=\"\" \/><\/a>\n\t\t\t<\/span><\/li><li class='gallery-item'><span class='gallery-icon landscape'>\n\t\t\t\t<a href=\"https:\/\/casaarena.eu\/fr\/logement\/appartement-albera\/\"><img loading=\"lazy\" decoding=\"async\" width=\"800\" height=\"799\" src=\"https:\/\/casaarena.eu\/wp-content\/uploads\/2025\/02\/Albera-bany-s-1.jpg\" class=\"attachment-ciestra-square size-ciestra-square\" alt=\"\" \/><\/a>\n\t\t\t<\/span><\/li><li class='gallery-item'><span class='gallery-icon landscape'>\n\t\t\t\t<a href=\"https:\/\/casaarena.eu\/fr\/logement\/appartement-albera\/\"><img loading=\"lazy\" decoding=\"async\" width=\"800\" height=\"799\" src=\"https:\/\/casaarena.eu\/wp-content\/uploads\/2025\/02\/Albera-bany-p-2.jpg\" class=\"attachment-ciestra-square size-ciestra-square\" alt=\"\" \/><\/a>\n\t\t\t<\/span><\/li><li class='gallery-item'><span class='gallery-icon landscape'>\n\t\t\t\t<a href=\"https:\/\/casaarena.eu\/fr\/logement\/appartement-albera\/\"><img loading=\"lazy\" decoding=\"async\" width=\"800\" height=\"799\" src=\"https:\/\/casaarena.eu\/wp-content\/uploads\/2025\/02\/Albera-bany-p-1.jpg\" class=\"attachment-ciestra-square size-ciestra-square\" alt=\"\" \/><\/a>\n\t\t\t<\/span><\/li><li class='gallery-item'><span class='gallery-icon landscape'>\n\t\t\t\t<a href=\"https:\/\/casaarena.eu\/fr\/logement\/appartement-albera\/\"><img loading=\"lazy\" decoding=\"async\" width=\"800\" height=\"799\" src=\"https:\/\/casaarena.eu\/wp-content\/uploads\/2025\/02\/Albera-sala-2.jpg\" class=\"attachment-ciestra-square size-ciestra-square\" alt=\"\" \/><\/a>\n\t\t\t<\/span><\/li><li class='gallery-item'><span class='gallery-icon landscape'>\n\t\t\t\t<a href=\"https:\/\/casaarena.eu\/fr\/logement\/appartement-albera\/\"><img loading=\"lazy\" decoding=\"async\" width=\"800\" height=\"799\" src=\"https:\/\/casaarena.eu\/wp-content\/uploads\/2025\/02\/Albera-sala-1.jpg\" class=\"attachment-ciestra-square size-ciestra-square\" alt=\"\" \/><\/a>\n\t\t\t<\/span><\/li><li class='gallery-item'><span class='gallery-icon landscape'>\n\t\t\t\t<a href=\"https:\/\/casaarena.eu\/fr\/logement\/appartement-albera\/\"><img loading=\"lazy\" decoding=\"async\" width=\"800\" height=\"799\" src=\"https:\/\/casaarena.eu\/wp-content\/uploads\/2025\/02\/Albera-passadis-1.jpg\" class=\"attachment-ciestra-square size-ciestra-square\" alt=\"\" \/><\/a>\n\t\t\t<\/span><\/li><li class='gallery-item'><span class='gallery-icon landscape'>\n\t\t\t\t<a href=\"https:\/\/casaarena.eu\/fr\/logement\/appartement-albera\/\"><img loading=\"lazy\" decoding=\"async\" width=\"800\" height=\"799\" src=\"https:\/\/casaarena.eu\/wp-content\/uploads\/2025\/02\/Albera-menjador-2.jpg\" class=\"attachment-ciestra-square size-ciestra-square\" alt=\"\" \/><\/a>\n\t\t\t<\/span><\/li><li class='gallery-item'><span class='gallery-icon landscape'>\n\t\t\t\t<a href=\"https:\/\/casaarena.eu\/fr\/logement\/appartement-albera\/\"><img loading=\"lazy\" decoding=\"async\" width=\"800\" height=\"799\" src=\"https:\/\/casaarena.eu\/wp-content\/uploads\/2025\/02\/Albera-cuina-1.jpg\" class=\"attachment-ciestra-square size-ciestra-square\" alt=\"\" \/><\/a>\n\t\t\t<\/span><\/li><li class='gallery-item'><span class='gallery-icon landscape'>\n\t\t\t\t<a href=\"https:\/\/casaarena.eu\/fr\/logement\/appartement-albera\/\"><img loading=\"lazy\" decoding=\"async\" width=\"891\" height=\"891\" src=\"https:\/\/casaarena.eu\/wp-content\/uploads\/2025\/02\/04_bramant2_Q-891x891.png\" class=\"attachment-ciestra-square size-ciestra-square\" alt=\"\" \/><\/a>\n\t\t\t<\/span><\/li><li class='gallery-item'><span class='gallery-icon landscape'>\n\t\t\t\t<a href=\"https:\/\/casaarena.eu\/fr\/logement\/appartement-albera\/\"><img loading=\"lazy\" decoding=\"async\" width=\"891\" height=\"891\" src=\"https:\/\/casaarena.eu\/wp-content\/uploads\/2025\/02\/07_bramant2_Q-891x891.png\" class=\"attachment-ciestra-square size-ciestra-square\" alt=\"\" \/><\/a>\n\t\t\t<\/span><\/li><li class='gallery-item'><span class='gallery-icon landscape'>\n\t\t\t\t<a href=\"https:\/\/casaarena.eu\/fr\/logement\/appartement-albera\/\"><img loading=\"lazy\" decoding=\"async\" width=\"891\" height=\"891\" src=\"https:\/\/casaarena.eu\/wp-content\/uploads\/2025\/02\/08_bramant2_Q-891x891.png\" class=\"attachment-ciestra-square size-ciestra-square\" alt=\"\" \/><\/a>\n\t\t\t<\/span><\/li><li class='gallery-item'><span class='gallery-icon landscape'>\n\t\t\t\t<a href=\"https:\/\/casaarena.eu\/fr\/logement\/appartement-albera\/\"><img loading=\"lazy\" decoding=\"async\" width=\"891\" height=\"891\" src=\"https:\/\/casaarena.eu\/wp-content\/uploads\/2025\/02\/01_bramant2_Q-891x891.png\" class=\"attachment-ciestra-square size-ciestra-square\" alt=\"\" \/><\/a>\n\t\t\t<\/span><\/li><li class='gallery-item'><span class='gallery-icon landscape'>\n\t\t\t\t<a href=\"https:\/\/casaarena.eu\/fr\/logement\/appartement-albera\/\"><img loading=\"lazy\" decoding=\"async\" width=\"891\" height=\"891\" src=\"https:\/\/casaarena.eu\/wp-content\/uploads\/2025\/02\/06_bramant2_Q-891x891.png\" class=\"attachment-ciestra-square size-ciestra-square\" alt=\"\" \/><\/a>\n\t\t\t<\/span><\/li><\/ul>\n\t\t<\/div>\n\n\t<\/div>\n\n\t\n<\/div><\/div>\t\t\t\t<\/div>\n\t\t\t\t<\/div>\n\t\t\t\t<div class=\"elementor-element elementor-element-348cc3b elementor-widget elementor-widget-text-editor\" data-id=\"348cc3b\" data-element_type=\"widget\" data-e-type=\"widget\" data-widget_type=\"text-editor.default\">\n\t\t\t\t<div class=\"elementor-widget-container\">\n\t\t\t\t\t\t\t\t\t<h2>Appartement Albera<\/h2>\t\t\t\t\t\t\t\t<\/div>\n\t\t\t\t<\/div>\n\t\t\t\t<div class=\"elementor-element elementor-element-b1d377e elementor-widget elementor-widget-text-editor\" data-id=\"b1d377e\" data-element_type=\"widget\" data-e-type=\"widget\" data-widget_type=\"text-editor.default\">\n\t\t\t\t<div class=\"elementor-widget-container\">\n\t\t\t\t\t\t\t\t\t<h5>Llan\u00e7\u00e0, Cap de Creus<\/h5>\n\t\t\t\t\t\t\t\t<\/div>\n\t\t\t\t<\/div>\n\t\t\t\t<div class=\"elementor-element elementor-element-312aada elementor-widget elementor-widget-text-editor\" data-id=\"312aada\" data-element_type=\"widget\" data-e-type=\"widget\" data-widget_type=\"text-editor.default\">\n\t\t\t\t<div class=\"elementor-widget-container\">\n\t\t\t\t\t\t\t\t\t<div class=\"elementor-element elementor-element-4185023 elementor-widget elementor-widget-text-editor\" data-id=\"4185023\" data-element_type=\"widget\" data-widget_type=\"text-editor.default\"><div class=\"elementor-widget-container\"><div class=\"elementor-text-editor elementor-clearfix\"><div class=\"elementor-element elementor-element-a49bd8c elementor-widget elementor-widget-text-editor\" data-id=\"a49bd8c\" data-element_type=\"widget\" data-widget_type=\"text-editor.default\"><div class=\"elementor-widget-container\"><div class=\"elementor-text-editor elementor-clearfix\"><p>Un <strong>appartement <em>premium<\/em> de <span style=\"text-decoration: underline;\">trois chambre<\/span> \u00e0 Llan\u00e7\u00e0. <\/strong>Vue sur la mer. Situ\u00e9 dans un quartier r\u00e9sidentiel du village et \u00e0 quelques m\u00e8tres de la plage. Confortable et soigneusement r\u00e9nov\u00e9.<\/p><\/div><\/div><\/div><\/div><\/div><\/div>\t\t\t\t\t\t\t\t<\/div>\n\t\t\t\t<\/div>\n\t\t\t\t<div class=\"elementor-element elementor-element-4db2cea elementor-widget elementor-widget-mphbe-room\" data-id=\"4db2cea\" data-element_type=\"widget\" data-e-type=\"widget\" data-widget_type=\"mphbe-room.default\">\n\t\t\t\t<div class=\"elementor-widget-container\">\n\t\t\t\t\t<div class=\"mphb_sc_room-wrapper \"><div class=\"mphb-room-type post-13595 mphb_room_type type-mphb_room_type status-publish mphb_room_type_facility-acces-independant mphb_room_type_facility-articles-de-base mphb_room_type_facility-chauffage mphb_room_type_facility-cintres mphb_room_type_facility-climatisation mphb_room_type_facility-eau-chaude mphb_room_type_facility-entree-privee mphb_room_type_facility-espace-ou-les-invites-peuvent-cuisiner mphb_room_type_facility-fer-a-repasser mphb_room_type_facility-four-a-micro-ondes mphb_room_type_facility-lave-vaisselle mphb_room_type_facility-machine-a-cafe-nespresso-2-capsules mphb_room_type_facility-machine-a-laver mphb_room_type_facility-refrigerateur mphb_room_type_facility-seche-cheveux mphb_room_type_facility-serviettes-draps-savon-et-papier-toilette mphb_room_type_facility-set-dassiettes-et-de-couverts mphb_room_type_facility-shampooing mphb_room_type_facility-smart-tv-fr mphb-room-type-adults-6 mphb-room-type-children-4 has-taxes-and-fees\">\n\n\t\n\t\n<p class=\"mphb-view-details-button-wrapper\">\n<a class=\"button mphb-view-details-button\" href=\"https:\/\/casaarena.eu\/fr\/logement\/appartement-albera\/\" >Voir les d\u00e9tails<\/a>\n<\/p>\n\t\n<\/div><\/div>\t\t\t\t<\/div>\n\t\t\t\t<\/div>\n\t\t\t\t\t<\/div>\n\t\t<\/div>\n\t\t\t\t\t<\/div>\n\t\t<\/section>\n\t\t\t\t\t<\/div>\n\t\t<\/div>\n\t\t\t\t\t<\/div>\n\t\t<\/section>\n\t\t\t\t<section class=\"elementor-section elementor-top-section elementor-element elementor-element-1a11c7d elementor-hidden-phone elementor-section-boxed elementor-section-height-default elementor-section-height-default\" data-id=\"1a11c7d\" data-element_type=\"section\" data-e-type=\"section\">\n\t\t\t\t\t\t<div class=\"elementor-container elementor-column-gap-default\">\n\t\t\t\t\t<div class=\"elementor-column elementor-col-100 elementor-top-column elementor-element elementor-element-82f9530\" data-id=\"82f9530\" data-element_type=\"column\" data-e-type=\"column\">\n\t\t\t<div class=\"elementor-widget-wrap elementor-element-populated\">\n\t\t\t\t\t\t<div class=\"elementor-element elementor-element-a18d2f9 elementor-widget elementor-widget-heading\" data-id=\"a18d2f9\" data-element_type=\"widget\" data-e-type=\"widget\" data-widget_type=\"heading.default\">\n\t\t\t\t<div class=\"elementor-widget-container\">\n\t\t\t\t\t<h2 class=\"elementor-heading-title elementor-size-default\">Qu'en pensent nos clients ?<\/h2>\t\t\t\t<\/div>\n\t\t\t\t<\/div>\n\t\t\t\t<div class=\"elementor-element elementor-element-ca2ab13 elementor-widget elementor-widget-heading\" data-id=\"ca2ab13\" data-element_type=\"widget\" data-e-type=\"widget\" data-widget_type=\"heading.default\">\n\t\t\t\t<div class=\"elementor-widget-container\">\n\t\t\t\t\t<h2 class=\"elementor-heading-title elementor-size-default\">Commentaires<\/h2>\t\t\t\t<\/div>\n\t\t\t\t<\/div>\n\t\t\t\t<div class=\"elementor-element elementor-element-4433aeb elementor-widget elementor-widget-image\" data-id=\"4433aeb\" data-element_type=\"widget\" data-e-type=\"widget\" data-widget_type=\"image.default\">\n\t\t\t\t<div class=\"elementor-widget-container\">\n\t\t\t\t\t\t\t\t\t\t\t\t\t\t\t<img decoding=\"async\" src=\"https:\/\/casaarena.eu\/wp-content\/uploads\/elementor\/thumbs\/Logo-casa-arena@4x-orv4mnt2qukh1zrxzerugvy6y2shnd7g0wcs0hvlua.png\" title=\"Logo casa arena@4x\" alt=\"Logo casa arena@4x\" loading=\"lazy\" \/>\t\t\t\t\t\t\t\t\t\t\t\t\t\t\t<\/div>\n\t\t\t\t<\/div>\n\t\t\t\t<div class=\"elementor-element elementor-element-ciestra-testimonials elementor-widget elementor-widget-ciestra-testimonials-slider\" data-id=\"ciestra-testimonials\" data-element_type=\"widget\" data-e-type=\"widget\" data-widget_type=\"ciestra-testimonials-slider.default\">\n\t\t\t\t<div class=\"elementor-widget-container\">\n\t\t\t\t\t        <div class=\"testimonials-slider\">\r\n            \t\t<div class=\"testimonials-wrapper columns-1\">\r\n\t\t\n<article id=\"post-7047\" class=\"post-7047 cptp-testimonial type-cptp-testimonial status-publish hentry cptp-testimonial-category-llanca-grifeu-fr\">\n    <div class=\"testimonial-wrapper\">\n        <div class=\"entry-content\">\n            <p>Un grand appartement, avec tout le confort et d\u00e9cor\u00e9 avec un go\u00fbt exquis, vous vous y sentirez comme chez vous. Avec des d\u00e9tails dignes d\u2019un h\u00f4tel 5\u00a0\u00e9toiles. Le quartier est tr\u00e8s calme, id\u00e9al pour se d\u00e9tendre.<\/p>\n        <\/div><!-- .entry-content -->\n        <header class=\"entry-header\">\n            <h2 class=\"entry-title\"><a href=\"https:\/\/casaarena.eu\/fr\/testimonial\/vivi-barcelone-details-de-lhotel-5-etoiles\/\" rel=\"bookmark\">Vivi, Barcelone &#8211; D\u00e9tails de l\u2019h\u00f4tel 5\u00a0\u00e9toiles<\/a><\/h2>        <\/header><!-- .entry-header -->\n\n    <\/div>\n<\/article><!-- #post-7047 -->\n\n<article id=\"post-7046\" class=\"post-7046 cptp-testimonial type-cptp-testimonial status-publish hentry cptp-testimonial-category-llanca-grifeu-2-fr\">\n    <div class=\"testimonial-wrapper\">\n        <div class=\"entry-content\">\n            <p>Nous avons pass\u00e9 les vacances \u00e0 l\u2019appartement Bramant et ce fut une exp\u00e9rience formidable. L\u2019appartement est tr\u00e8s bien \u00e9quip\u00e9 et tr\u00e8s cosy, juste \u00e0 c\u00f4t\u00e9 de la plage. Avec vue sur la mer et une tr\u00e8s belle terrasse. La nuit, c\u2019est calme et paisible. Nous reviendrons \u00e0 coup s\u00fbr\u00a0!<\/p>\n        <\/div><!-- .entry-content -->\n        <header class=\"entry-header\">\n            <h2 class=\"entry-title\"><a href=\"https:\/\/casaarena.eu\/fr\/testimonial\/ester-barcelone-nous-reviendrons-a-coup-sur\/\" rel=\"bookmark\">Ester, Barcelone &#8211; Nous reviendrons \u00e0 coup s\u00fbr\u00a0!<\/a><\/h2>        <\/header><!-- .entry-header -->\n\n    <\/div>\n<\/article><!-- #post-7046 -->\n\n<article id=\"post-7045\" class=\"post-7045 cptp-testimonial type-cptp-testimonial status-publish hentry cptp-testimonial-category-llanca-grifeu-2-fr\">\n    <div class=\"testimonial-wrapper\">\n        <div class=\"entry-content\">\n            <p>Ce week-end, nous avons s\u00e9journ\u00e9 \u00e0 l\u2019appartement Bramant de Llan\u00e7\u00e0, un joli petit appartement, avec toutes sortes de d\u00e9tails, un bon emplacement et surtout une gentillesse imbattable. F\u00e9licitations pour le travail si bien fait, nous reviendrons s\u00fbrement\u00a0!!! \u00c0 bient\u00f4t. Myriam et sa famille.<\/p>\n        <\/div><!-- .entry-content -->\n        <header class=\"entry-header\">\n            <h2 class=\"entry-title\"><a href=\"https:\/\/casaarena.eu\/fr\/testimonial\/miriam-et-sa-famille-barcelone-un-petit-bijou\/\" rel=\"bookmark\">Miriam et sa famille, Barcelone &#8211; Un petit bijou<\/a><\/h2>        <\/header><!-- .entry-header -->\n\n    <\/div>\n<\/article><!-- #post-7045 -->\n\n<article id=\"post-7044\" class=\"post-7044 cptp-testimonial type-cptp-testimonial status-publish hentry cptp-testimonial-category-llanca-port-fr\">\n    <div class=\"testimonial-wrapper\">\n        <div class=\"entry-content\">\n            <p>Nous avons pass\u00e9 une semaine dans l\u2019appartement du port et ce fut une exp\u00e9rience formidable. Confort \u00e0 cent pour cent et souci du d\u00e9tail, comme dans un bon h\u00f4tel, mais avec le confort d\u2019\u00eatre \u00e0 la maison. Une vue magnifique sur le port et \u00e0 une minute de la plage. Merci beaucoup pour tout.<\/p>\n        <\/div><!-- .entry-content -->\n        <header class=\"entry-header\">\n            <h2 class=\"entry-title\"><a href=\"https:\/\/casaarena.eu\/fr\/testimonial\/ana-sant-cugat-del-valles-tres-bonne-experience\/\" rel=\"bookmark\">Ana, Sant Cugat del Vall\u00e9s &#8211; Tr\u00e8s bonne exp\u00e9rience<\/a><\/h2>        <\/header><!-- .entry-header -->\n\n    <\/div>\n<\/article><!-- #post-7044 -->\n\n<article id=\"post-7040\" class=\"post-7040 cptp-testimonial type-cptp-testimonial status-publish hentry cptp-testimonial-category-llanca-port-fr\">\n    <div class=\"testimonial-wrapper\">\n        <div class=\"entry-content\">\n            <p>Un tr\u00e8s bel appartement \u00e0 l\u2019int\u00e9rieur, avec toutes sortes de d\u00e9tails qui donnent envie de rester y vivre\u00a0! Emplacement id\u00e9al, et malgr\u00e9 le fait qu\u2019il se situe dans le centre , c\u2019est un quartier calme. Le relationnel \u00e0 Casa Arena est excellent\u00a0! Nous reviendrons \u00e0 coup s\u00fbr\u00a0!!!<\/p>\n        <\/div><!-- .entry-content -->\n        <header class=\"entry-header\">\n            <h2 class=\"entry-title\"><a href=\"https:\/\/casaarena.eu\/fr\/testimonial\/isabel-barcelone-nous-reviendrons-a-coup-sur\/\" rel=\"bookmark\">Isabel, Barcelone &#8211; Nous reviendrons \u00e0 coup s\u00fbr\u00a0!<\/a><\/h2>        <\/header><!-- .entry-header -->\n\n    <\/div>\n<\/article><!-- #post-7040 -->\n\n<article id=\"post-7039\" class=\"post-7039 cptp-testimonial type-cptp-testimonial status-publish hentry cptp-testimonial-category-llanca-grifeu-fr\">\n    <div class=\"testimonial-wrapper\">\n        <div class=\"entry-content\">\n            <p>Nous sommes rest\u00e9s trois jours dans l\u2019appartement Querman\u00e7\u00f3 et l\u2019exp\u00e9rience a \u00e9t\u00e9 imbattable. Tout est d\u00e9cor\u00e9 avec beaucoup de go\u00fbt, le processus de r\u00e9servation a \u00e9t\u00e9 fantastique\u00a0! L\u2019appartement ne manque pas de d\u00e9tails, vous vous sentez comme chez vous, nous le recommandons vivement \u00e0 tout couple qui souhaite se d\u00e9connecter quelques jours \u00e0 Llan\u00e7\u00e0. Super [&hellip;]<\/p>\n        <\/div><!-- .entry-content -->\n        <header class=\"entry-header\">\n            <h2 class=\"entry-title\"><a href=\"https:\/\/casaarena.eu\/fr\/testimonial\/irene-barcelone-une-experience-sans-pareille\/\" rel=\"bookmark\">Irene, Barcelone &#8211; Une exp\u00e9rience sans pareille\u00a0!<\/a><\/h2>        <\/header><!-- .entry-header -->\n\n    <\/div>\n<\/article><!-- #post-7039 -->\n\n<article id=\"post-6987\" class=\"post-6987 cptp-testimonial type-cptp-testimonial status-publish hentry cptp-testimonial-category-cadaques-gran-fr\">\n    <div class=\"testimonial-wrapper\">\n        <div class=\"entry-content\">\n            <p>Appartement bien situ\u00e9 sur le plan logistique par rapport au centre de Cadaqu\u00e9s. Il est bien \u00e9quip\u00e9 et dispose de toutes sortes d\u2019ustensiles de cuisine. Nous l\u2019avons choisi pour un week-end en famille et je dirais que nous l\u2019avons appr\u00e9ci\u00e9 au maximum. C\u2019est bien plus qu\u2019un appartement \u00e0 louer, ils offrent d\u2019autres services exclusifs qui [&hellip;]<\/p>\n        <\/div><!-- .entry-content -->\n        <header class=\"entry-header\">\n            <h2 class=\"entry-title\"><a href=\"https:\/\/casaarena.eu\/fr\/testimonial\/johann-allemagne-appartements-et-services-de-haute-qualite\/\" rel=\"bookmark\">Johann, Allemagne &#8211; Appartements et services de haute qualit\u00e9<\/a><\/h2>        <\/header><!-- .entry-header -->\n\n    <\/div>\n<\/article><!-- #post-6987 -->\n\n<article id=\"post-6988\" class=\"post-6988 cptp-testimonial type-cptp-testimonial status-publish hentry cptp-testimonial-category-llanca-port-fr\">\n    <div class=\"testimonial-wrapper\">\n        <div class=\"entry-content\">\n            <p>Appartement tr\u00e8s central et cosy et les h\u00f4tes tr\u00e8s chaleureux et disponibles. Ils ont r\u00e9pondu rapidement \u00e0 chacune de nos questions. Du jardin de l\u2019appartement on voit la mer qui est \u00e0 moins de 2\u00a0minutes \u00e0 pied, id\u00e9al pour une baignade t\u00f4t le matin. Nous avons vraiment appr\u00e9ci\u00e9.<\/p>\n        <\/div><!-- .entry-content -->\n        <header class=\"entry-header\">\n            <h2 class=\"entry-title\"><a href=\"https:\/\/casaarena.eu\/fr\/testimonial\/colette-france-en-bord-de-mer\/\" rel=\"bookmark\">Colette, France &#8211; En bord de mer<\/a><\/h2>        <\/header><!-- .entry-header -->\n\n    <\/div>\n<\/article><!-- #post-6988 -->\n\n<article id=\"post-6989\" class=\"post-6989 cptp-testimonial type-cptp-testimonial status-publish hentry cptp-testimonial-category-llanca-port-fr\">\n    <div class=\"testimonial-wrapper\">\n        <div class=\"entry-content\">\n            <p>On dirait un h\u00f4tel\u00a0! Serviettes, savons, espace tr\u00e8s bien \u00e9quip\u00e9 et confortable. Le premier jour, nous avons command\u00e9 un d\u00eener tout pr\u00eat car nous savions que nous arriverions tard\u00a0! La piscine commune et le jardin priv\u00e9 font de ce duplex une oasis unique. Le meilleur appartement que j\u2019ai lou\u00e9\u00a0! Super recommand\u00e9\u00a0!<\/p>\n        <\/div><!-- .entry-content -->\n        <header class=\"entry-header\">\n            <h2 class=\"entry-title\"><a href=\"https:\/\/casaarena.eu\/fr\/testimonial\/kerstin-allemagne-on-dirait-un-hotel\/\" rel=\"bookmark\">Kerstin, Allemagne &#8211; On dirait un h\u00f4tel\u00a0!<\/a><\/h2>        <\/header><!-- .entry-header -->\n\n    <\/div>\n<\/article><!-- #post-6989 -->\n\n<article id=\"post-6990\" class=\"post-6990 cptp-testimonial type-cptp-testimonial status-publish hentry cptp-testimonial-category-llanca-grifeu-fr\">\n    <div class=\"testimonial-wrapper\">\n        <div class=\"entry-content\">\n            <p>C\u2019est un appartement tr\u00e8s confortable et d\u00e9cor\u00e9 avec go\u00fbt. Il est tr\u00e8s bien situ\u00e9. Vous avez une personne de contact \u00e0 Llan\u00e7\u00e0 en cas de besoin. L\u2019appartement est situ\u00e9 dans un quartier r\u00e9sidentiel tr\u00e8s calme et il est facile d\u2019acc\u00e9der aux plages. Ils proposent un parking gratuit dans le quartier r\u00e9sidentiel. Le must de l\u2019appartement [&hellip;]<\/p>\n        <\/div><!-- .entry-content -->\n        <header class=\"entry-header\">\n            <h2 class=\"entry-title\"><a href=\"https:\/\/casaarena.eu\/fr\/testimonial\/asun-espagne-spectaculaire-nous-reviendrons\/\" rel=\"bookmark\">Asun, Espagne &#8211; Spectaculaire\u00a0! Nous reviendrons<\/a><\/h2>        <\/header><!-- .entry-header -->\n\n    <\/div>\n<\/article><!-- #post-6990 -->\n<nav class=\"navigation pagination\" role=\"navigation\">\r\n\t\t\t<h2 class=\"screen-reader-text\">Pagination<\/h2>\r\n\t\t\t<div class=\"nav-links\"><span aria-label=\"Page 1\" aria-current=\"page\" class=\"page-numbers current\">1<\/span>\n<a aria-label=\"Page 2\" class=\"page-numbers\" href=\"https:\/\/casaarena.eu\/fr\/wp-json\/wp\/v2\/pages\/5177\/page\/2\/\">2<\/a>\n<a class=\"next page-numbers\" href=\"https:\/\/casaarena.eu\/fr\/wp-json\/wp\/v2\/pages\/5177\/page\/2\/\">Suivant\u00a0\u00bb<\/a><\/div>\r\n\t\t<\/nav>\t\t<\/div>\r\n\t\t            <div class=\"testimonials-slider-controls\"><\/div>\r\n        <\/div>\r\n        \t\t\t\t<\/div>\n\t\t\t\t<\/div>\n\t\t\t\t\t<\/div>\n\t\t<\/div>\n\t\t\t\t\t<\/div>\n\t\t<\/section>\n\t\t\t\t<\/div>\n\t\t","protected":false},"excerpt":{"rendered":"<p>&#8211; Appartements sur la Costa Brava<br \/>\n  Recommande par Marie Claire France<\/p>\n","protected":false},"author":1,"featured_media":15285,"parent":0,"menu_order":0,"comment_status":"closed","ping_status":"closed","template":"template-front-page.php","meta":{"_acf_changed":false,"inline_featured_image":false,"footnotes":""},"class_list":["post-5177","page","type-page","status-publish","has-post-thumbnail","hentry"],"acf":[],"yoast_head":"<!-- This site is optimized with the Yoast SEO plugin v27.5 - https:\/\/yoast.com\/product\/yoast-seo-wordpress\/ -->\n<title>Appartements sur la Costa Brava - Casa Arena<\/title>\n<meta name=\"description\" content=\"D\u00e9couvrez nos appartements situ\u00e9s sur la Costa Brava, o\u00f9 vous obtiendrez les meilleures vues sur la mer dans un environnement splendide \u00e0 un prix mod\u00e9r\u00e9. R\u00e9servez d\u00e8s maintenant !\" \/>\n<meta name=\"robots\" content=\"index, follow, max-snippet:-1, max-image-preview:large, max-video-preview:-1\" \/>\n<link rel=\"canonical\" href=\"https:\/\/casaarena.eu\/\" \/>\n<meta property=\"og:locale\" content=\"fr_FR\" \/>\n<meta property=\"og:type\" content=\"article\" \/>\n<meta property=\"og:title\" content=\"Appartements sur la Costa Brava - Casa Arena\" \/>\n<meta property=\"og:description\" content=\"D\u00e9couvrez nos appartements situ\u00e9s sur la Costa Brava, o\u00f9 vous obtiendrez les meilleures vues sur la mer dans un environnement splendide \u00e0 un prix mod\u00e9r\u00e9. R\u00e9servez d\u00e8s maintenant !\" \/>\n<meta property=\"og:url\" content=\"https:\/\/casaarena.eu\/\" \/>\n<meta property=\"og:site_name\" content=\"Casa arena\" \/>\n<meta property=\"article:modified_time\" content=\"2025-10-13T08:24:46+00:00\" \/>\n<meta property=\"og:image\" content=\"https:\/\/casaarena.eu\/wp-content\/uploads\/2025\/10\/0009457_mc-1.jpg\" \/>\n\t<meta property=\"og:image:width\" content=\"800\" \/>\n\t<meta property=\"og:image:height\" content=\"533\" \/>\n\t<meta property=\"og:image:type\" content=\"image\/jpeg\" \/>\n<meta name=\"twitter:card\" content=\"summary_large_image\" \/>\n<meta name=\"twitter:label1\" content=\"Dur\u00e9e de lecture estim\u00e9e\" \/>\n\t<meta name=\"twitter:data1\" content=\"36 minutes\" \/>\n<script type=\"application\/ld+json\" class=\"yoast-schema-graph\">{\"@context\":\"https:\\\/\\\/schema.org\",\"@graph\":[{\"@type\":\"WebPage\",\"@id\":\"https:\\\/\\\/casaarena.eu\\\/\",\"url\":\"https:\\\/\\\/casaarena.eu\\\/\",\"name\":\"Appartements sur la Costa Brava - Casa Arena\",\"isPartOf\":{\"@id\":\"https:\\\/\\\/casaarena.eu\\\/es\\\/#website\"},\"primaryImageOfPage\":{\"@id\":\"https:\\\/\\\/casaarena.eu\\\/#primaryimage\"},\"image\":{\"@id\":\"https:\\\/\\\/casaarena.eu\\\/#primaryimage\"},\"thumbnailUrl\":\"https:\\\/\\\/casaarena.eu\\\/wp-content\\\/uploads\\\/2025\\\/10\\\/0009457_mc-1.jpg\",\"datePublished\":\"2021-07-07T11:16:40+00:00\",\"dateModified\":\"2025-10-13T08:24:46+00:00\",\"description\":\"D\u00e9couvrez nos appartements situ\u00e9s sur la Costa Brava, o\u00f9 vous obtiendrez les meilleures vues sur la mer dans un environnement splendide \u00e0 un prix mod\u00e9r\u00e9. R\u00e9servez d\u00e8s maintenant !\",\"breadcrumb\":{\"@id\":\"https:\\\/\\\/casaarena.eu\\\/#breadcrumb\"},\"inLanguage\":\"fr-FR\",\"potentialAction\":[{\"@type\":\"ReadAction\",\"target\":[\"https:\\\/\\\/casaarena.eu\\\/\"]}]},{\"@type\":\"ImageObject\",\"inLanguage\":\"fr-FR\",\"@id\":\"https:\\\/\\\/casaarena.eu\\\/#primaryimage\",\"url\":\"https:\\\/\\\/casaarena.eu\\\/wp-content\\\/uploads\\\/2025\\\/10\\\/0009457_mc-1.jpg\",\"contentUrl\":\"https:\\\/\\\/casaarena.eu\\\/wp-content\\\/uploads\\\/2025\\\/10\\\/0009457_mc-1.jpg\",\"width\":800,\"height\":533},{\"@type\":\"BreadcrumbList\",\"@id\":\"https:\\\/\\\/casaarena.eu\\\/#breadcrumb\",\"itemListElement\":[{\"@type\":\"ListItem\",\"position\":1,\"name\":\"Portada\",\"item\":\"https:\\\/\\\/casaarena.eu\\\/\"},{\"@type\":\"ListItem\",\"position\":2,\"name\":\"Bienvenue chez Casa Arena\"}]},{\"@type\":\"WebSite\",\"@id\":\"https:\\\/\\\/casaarena.eu\\\/es\\\/#website\",\"url\":\"https:\\\/\\\/casaarena.eu\\\/es\\\/\",\"name\":\"Casa arena\",\"description\":\"Casa Arena Wordpress Site\",\"publisher\":{\"@id\":\"https:\\\/\\\/casaarena.eu\\\/es\\\/#organization\"},\"potentialAction\":[{\"@type\":\"SearchAction\",\"target\":{\"@type\":\"EntryPoint\",\"urlTemplate\":\"https:\\\/\\\/casaarena.eu\\\/es\\\/?s={search_term_string}\"},\"query-input\":{\"@type\":\"PropertyValueSpecification\",\"valueRequired\":true,\"valueName\":\"search_term_string\"}}],\"inLanguage\":\"fr-FR\"},{\"@type\":\"Organization\",\"@id\":\"https:\\\/\\\/casaarena.eu\\\/es\\\/#organization\",\"name\":\"Casa arena\",\"url\":\"https:\\\/\\\/casaarena.eu\\\/es\\\/\",\"logo\":{\"@type\":\"ImageObject\",\"inLanguage\":\"fr-FR\",\"@id\":\"https:\\\/\\\/casaarena.eu\\\/es\\\/#\\\/schema\\\/logo\\\/image\\\/\",\"url\":\"https:\\\/\\\/casaarena.eu\\\/wp-content\\\/uploads\\\/2020\\\/06\\\/cropped-CasaArena_Logotip_Web-2.png\",\"contentUrl\":\"https:\\\/\\\/casaarena.eu\\\/wp-content\\\/uploads\\\/2020\\\/06\\\/cropped-CasaArena_Logotip_Web-2.png\",\"width\":997,\"height\":613,\"caption\":\"Casa arena\"},\"image\":{\"@id\":\"https:\\\/\\\/casaarena.eu\\\/es\\\/#\\\/schema\\\/logo\\\/image\\\/\"},\"sameAs\":[\"https:\\\/\\\/www.instagram.com\\\/casaarena_eu\\\/\"]}]}<\/script>\n<!-- \/ Yoast SEO plugin. -->","yoast_head_json":{"title":"Appartements sur la Costa Brava - Casa Arena","description":"D\u00e9couvrez nos appartements situ\u00e9s sur la Costa Brava, o\u00f9 vous obtiendrez les meilleures vues sur la mer dans un environnement splendide \u00e0 un prix mod\u00e9r\u00e9. R\u00e9servez d\u00e8s maintenant !","robots":{"index":"index","follow":"follow","max-snippet":"max-snippet:-1","max-image-preview":"max-image-preview:large","max-video-preview":"max-video-preview:-1"},"canonical":"https:\/\/casaarena.eu\/","og_locale":"fr_FR","og_type":"article","og_title":"Appartements sur la Costa Brava - Casa Arena","og_description":"D\u00e9couvrez nos appartements situ\u00e9s sur la Costa Brava, o\u00f9 vous obtiendrez les meilleures vues sur la mer dans un environnement splendide \u00e0 un prix mod\u00e9r\u00e9. R\u00e9servez d\u00e8s maintenant !","og_url":"https:\/\/casaarena.eu\/","og_site_name":"Casa arena","article_modified_time":"2025-10-13T08:24:46+00:00","og_image":[{"width":800,"height":533,"url":"https:\/\/casaarena.eu\/wp-content\/uploads\/2025\/10\/0009457_mc-1.jpg","type":"image\/jpeg"}],"twitter_card":"summary_large_image","twitter_misc":{"Dur\u00e9e de lecture estim\u00e9e":"36 minutes"},"schema":{"@context":"https:\/\/schema.org","@graph":[{"@type":"WebPage","@id":"https:\/\/casaarena.eu\/","url":"https:\/\/casaarena.eu\/","name":"Appartements sur la Costa Brava - Casa Arena","isPartOf":{"@id":"https:\/\/casaarena.eu\/es\/#website"},"primaryImageOfPage":{"@id":"https:\/\/casaarena.eu\/#primaryimage"},"image":{"@id":"https:\/\/casaarena.eu\/#primaryimage"},"thumbnailUrl":"https:\/\/casaarena.eu\/wp-content\/uploads\/2025\/10\/0009457_mc-1.jpg","datePublished":"2021-07-07T11:16:40+00:00","dateModified":"2025-10-13T08:24:46+00:00","description":"D\u00e9couvrez nos appartements situ\u00e9s sur la Costa Brava, o\u00f9 vous obtiendrez les meilleures vues sur la mer dans un environnement splendide \u00e0 un prix mod\u00e9r\u00e9. R\u00e9servez d\u00e8s maintenant !","breadcrumb":{"@id":"https:\/\/casaarena.eu\/#breadcrumb"},"inLanguage":"fr-FR","potentialAction":[{"@type":"ReadAction","target":["https:\/\/casaarena.eu\/"]}]},{"@type":"ImageObject","inLanguage":"fr-FR","@id":"https:\/\/casaarena.eu\/#primaryimage","url":"https:\/\/casaarena.eu\/wp-content\/uploads\/2025\/10\/0009457_mc-1.jpg","contentUrl":"https:\/\/casaarena.eu\/wp-content\/uploads\/2025\/10\/0009457_mc-1.jpg","width":800,"height":533},{"@type":"BreadcrumbList","@id":"https:\/\/casaarena.eu\/#breadcrumb","itemListElement":[{"@type":"ListItem","position":1,"name":"Portada","item":"https:\/\/casaarena.eu\/"},{"@type":"ListItem","position":2,"name":"Bienvenue chez Casa Arena"}]},{"@type":"WebSite","@id":"https:\/\/casaarena.eu\/es\/#website","url":"https:\/\/casaarena.eu\/es\/","name":"Casa arena","description":"Casa Arena Wordpress Site","publisher":{"@id":"https:\/\/casaarena.eu\/es\/#organization"},"potentialAction":[{"@type":"SearchAction","target":{"@type":"EntryPoint","urlTemplate":"https:\/\/casaarena.eu\/es\/?s={search_term_string}"},"query-input":{"@type":"PropertyValueSpecification","valueRequired":true,"valueName":"search_term_string"}}],"inLanguage":"fr-FR"},{"@type":"Organization","@id":"https:\/\/casaarena.eu\/es\/#organization","name":"Casa arena","url":"https:\/\/casaarena.eu\/es\/","logo":{"@type":"ImageObject","inLanguage":"fr-FR","@id":"https:\/\/casaarena.eu\/es\/#\/schema\/logo\/image\/","url":"https:\/\/casaarena.eu\/wp-content\/uploads\/2020\/06\/cropped-CasaArena_Logotip_Web-2.png","contentUrl":"https:\/\/casaarena.eu\/wp-content\/uploads\/2020\/06\/cropped-CasaArena_Logotip_Web-2.png","width":997,"height":613,"caption":"Casa arena"},"image":{"@id":"https:\/\/casaarena.eu\/es\/#\/schema\/logo\/image\/"},"sameAs":["https:\/\/www.instagram.com\/casaarena_eu\/"]}]}},"_links":{"self":[{"href":"https:\/\/casaarena.eu\/fr\/wp-json\/wp\/v2\/pages\/5177","targetHints":{"allow":["GET"]}}],"collection":[{"href":"https:\/\/casaarena.eu\/fr\/wp-json\/wp\/v2\/pages"}],"about":[{"href":"https:\/\/casaarena.eu\/fr\/wp-json\/wp\/v2\/types\/page"}],"author":[{"embeddable":true,"href":"https:\/\/casaarena.eu\/fr\/wp-json\/wp\/v2\/users\/1"}],"replies":[{"embeddable":true,"href":"https:\/\/casaarena.eu\/fr\/wp-json\/wp\/v2\/comments?post=5177"}],"version-history":[{"count":38,"href":"https:\/\/casaarena.eu\/fr\/wp-json\/wp\/v2\/pages\/5177\/revisions"}],"predecessor-version":[{"id":15294,"href":"https:\/\/casaarena.eu\/fr\/wp-json\/wp\/v2\/pages\/5177\/revisions\/15294"}],"wp:featuredmedia":[{"embeddable":true,"href":"https:\/\/casaarena.eu\/fr\/wp-json\/wp\/v2\/media\/15285"}],"wp:attachment":[{"href":"https:\/\/casaarena.eu\/fr\/wp-json\/wp\/v2\/media?parent=5177"}],"curies":[{"name":"wp","href":"https:\/\/api.w.org\/{rel}","templated":true}]}}